{"id":1713,"date":"2021-12-20T08:02:26","date_gmt":"2021-12-20T08:02:26","guid":{"rendered":"https:\/\/soledaddemo.pencidesign.net\/soledad-daily-news\/?page_id=8"},"modified":"2026-08-12T12:52:57","modified_gmt":"2026-08-12T10:52:57","slug":"soledad_home","status":"publish","type":"page","link":"https:\/\/latribunenews.com\/","title":{"rendered":"La Tribune News"},"content":{"rendered":"\t\t<div data-elementor-type=\"wp-page\" data-elementor-id=\"1713\" class=\"elementor elementor-1713\">\n\t\t\t\t\t\t<section class=\"penci-section penci-disSticky penci-structure-20 elementor-section elementor-top-section elementor-element elementor-element-1c2c906 elementor-section-boxed elementor-section-height-default elementor-section-height-default\" data-id=\"1c2c906\" data-element_type=\"section\" data-e-type=\"section\">\n\t\t\t\t\t\t<div class=\"elementor-container elementor-column-gap-extended\">\n\t\t\t\t\t<div class=\"penci-ercol-50 penci-ercol-order-1 penci-sticky-ct    elementor-column elementor-col-50 elementor-top-column elementor-element elementor-element-f3f0c3e\" data-id=\"f3f0c3e\" data-element_type=\"column\" data-e-type=\"column\">\n\t\t\t<div class=\"elementor-widget-wrap elementor-element-populated\">\n\t\t\t\t\t\t<div class=\"elementor-element elementor-element-5212803 elementor-widget elementor-widget-penci-block-heading\" data-id=\"5212803\" data-element_type=\"widget\" data-e-type=\"widget\" data-widget_type=\"penci-block-heading.default\">\n\t\t\t\t<div class=\"elementor-widget-container\">\n\t\t\t\t\t\t\t<div class=\"penci-border-arrow penci-homepage-title penci-home-latest-posts style-15 pcalign-left pciconp-right pcicon-right block-title-icon-left\">\n\t\t\t<h3 class=\"inner-arrow\">\r\n\t\t\t\t<span>\r\n\t\t\t\t<span>DERNI\u00c8RES NOUVELLES<\/span>\t\t\t\t\t<\/span>\r\n\t\t\t<\/h3>\r\n\t\t\t\t\t<\/div>\r\n\t\t\t\t\t\t<\/div>\n\t\t\t\t<\/div>\n\t\t\t\t<div class=\"elementor-element elementor-element-1346e25 elementor-widget elementor-widget-penci-big-grid\" data-id=\"1346e25\" data-element_type=\"widget\" data-e-type=\"widget\" data-widget_type=\"penci-big-grid.default\">\n\t\t\t\t<div class=\"elementor-widget-container\">\n\t\t\t\t\t        <div class=\"penci-clearfix penci-biggrid-wrapper penci-grid-col-1 penci-grid-mcol-1 penci-bgrid-based-post penci-bgrid-style-1 pcbg-ficonpo-top-right pcbg-reiconpo-top-left penci-bgrid-content-below pencibg-imageh-zoom-in pencibg-texth-none pencibg-textani-movetop textop\">\r\n\t\t\t            <div class=\"penci-clearfix penci-biggrid penci-bgstyle-1 penci-bgel\">\r\n                <div class=\"penci-biggrid-inner default\">\r\n\t\t\t\t\t<div class=\"penci-clearfix penci-biggrid-data penci-dflex\"><div class=\"penci-bgitem\">\r\n    <div class=\"penci-bgitin\">\r\n        <div class=\"penci-bgmain\">\r\n            <div class=\"pcbg-thumb\">\r\n\t\t\t\t\t\t\t\t                <div class=\"pcbg-thumbin\">\r\n                    <a class=\"pcbg-bgoverlay\"\r\n                       href=\"https:\/\/latribunenews.com\/index.php\/2026\/09\/01\/haiti-le-ministere-de-la-defense-met-sur-pied-une-commission-ad-hoc-pour-moderniser-les-forces-armees\/\" title=\"Ha\u00efti : le minist\u00e8re de la D\u00e9fense met sur pied une commission ad hoc pour moderniser les Forces arm\u00e9es\"><\/a>\r\n\t\t\t\t\t                        <div class=\"penci-image-holder penci-lazy\"                             data-bgset=\"https:\/\/latribunenews.com\/wp-content\/uploads\/2026\/09\/IMG-20260831-WA0046.jpg\" data_bg_hidpi=\"https:\/\/latribunenews.com\/wp-content\/uploads\/2026\/09\/IMG-20260831-WA0046.jpg\"\r\n                             data-sizes=\"(max-width: 767px) 585px, 768px\">\r\n                        <\/div>\r\n\t\t\t\t\t                <\/div>\r\n            <\/div>\r\n            <div class=\"pcbg-content\">\r\n                <div class=\"pcbg-content-flex\">\r\n                    <a class=\"pcbg-bgoverlay\"\r\n                       href=\"https:\/\/latribunenews.com\/index.php\/2026\/09\/01\/haiti-le-ministere-de-la-defense-met-sur-pied-une-commission-ad-hoc-pour-moderniser-les-forces-armees\/\" title=\"Ha\u00efti : le minist\u00e8re de la D\u00e9fense met sur pied une commission ad hoc pour moderniser les Forces arm\u00e9es\"><\/a>\r\n                    <div class=\"pcbg-content-inner bgcontent-block\">\r\n                        <a href=\"https:\/\/latribunenews.com\/index.php\/2026\/09\/01\/haiti-le-ministere-de-la-defense-met-sur-pied-une-commission-ad-hoc-pour-moderniser-les-forces-armees\/\" title=\"Ha\u00efti : le minist\u00e8re de la D\u00e9fense met sur pied une commission ad hoc pour moderniser les Forces arm\u00e9es\"\r\n                           class=\"pcbg-bgoverlaytext item-hover\"><\/a>\r\n\r\n\t\t\t\t\t\t                            <div class=\"pcbg-above item-hover\">\r\n\t\t\t\t\t\t\t<span class=\"cat pcbg-sub-title\">\r\n\t\t\t\t\t\t\t\t<a style=\"\" class=\"penci-cat-name penci-cat-1\" href=\"https:\/\/latribunenews.com\/index.php\/category\/actualites\/actu\/\"  rel=\"category tag\"><span style=\"\">Actu<\/span><\/a><a style=\"\" class=\"penci-cat-name penci-cat-29\" href=\"https:\/\/latribunenews.com\/index.php\/category\/actualites\/\"  rel=\"category tag\"><span style=\"\">Actualit\u00e9s<\/span><\/a><a style=\"\" class=\"penci-cat-name penci-cat-38\" href=\"https:\/\/latribunenews.com\/index.php\/category\/securite\/\"  rel=\"category tag\"><span style=\"\">Securit\u00e9<\/span><\/a>\t\t\t\t\t\t\t<\/span>\r\n                            <\/div>\r\n\t\t\t\t\t\t\r\n\t\t\t\t\t\t                            <div class=\"pcbg-heading item-hover\">\r\n                                <h3 class=\"pcbg-title\">\r\n                                    <a href=\"https:\/\/latribunenews.com\/index.php\/2026\/09\/01\/haiti-le-ministere-de-la-defense-met-sur-pied-une-commission-ad-hoc-pour-moderniser-les-forces-armees\/\">\r\n\t\t\t\t\t\t\t\t\t\tHa\u00efti : le minist\u00e8re de la D\u00e9fense met sur pied une commission ad hoc pour moderniser les Forces arm\u00e9es                                    <\/a>\r\n                                <\/h3>\r\n                            <\/div>\r\n\t\t\t\t\t\t\r\n\t\t\t\t\t\t                            <div class=\"grid-post-box-meta pcbg-meta item-hover\">\r\n                                <div class=\"pcbg-meta-desc\">\r\n\t\t\t\t\t\t\t\t\t\t\t\t\t\t\t\t\t\t                                        <span class=\"bg-date\"><time class=\"entry-date published\" datetime=\"2026-09-01T00:55:15+02:00\">1 September 2026<\/time><\/span>\r\n\t\t\t\t\t\t\t\t\t\t\t\t\t\t\t\t\t\t\t\t\t\t\t\t\t\t\t\t\t\t\t\t\t\t\t\t\t\t\t\t\t\t\t\t\t                                <\/div>\r\n\t\t\t\t\t\t\t\t                            <\/div>\r\n\t\t\t\t\t\t\r\n\t\t\t\t\t\t                    <\/div>\r\n                <\/div>\r\n            <\/div>\r\n        <\/div>\r\n    <\/div>\r\n<\/div>\r\n<\/div>                <\/div>\r\n\t\t\t\t            <\/div>\r\n        <\/div>\r\n\t\t\t\t\t\t<\/div>\n\t\t\t\t<\/div>\n\t\t\t\t<div class=\"elementor-element elementor-element-58af853 elementor-widget elementor-widget-penci-big-grid\" data-id=\"58af853\" data-element_type=\"widget\" data-e-type=\"widget\" data-widget_type=\"penci-big-grid.default\">\n\t\t\t\t<div class=\"elementor-widget-container\">\n\t\t\t\t\t        <div class=\"penci-clearfix penci-biggrid-wrapper penci-grid-col-3 penci-grid-mcol-1 penci-bgrid-based-post penci-bgrid-style-1 pcbg-ficonpo-top-right pcbg-reiconpo-top-left penci-bgrid-content-below pencibg-imageh-none pencibg-texth-none pencibg-textani-movetop textop\">\r\n\t\t\t            <div class=\"penci-clearfix penci-biggrid penci-bgstyle-1 penci-bgel\">\r\n                <div class=\"penci-biggrid-inner default\">\r\n\t\t\t\t\t<div class=\"penci-clearfix penci-biggrid-data penci-dflex\"><div class=\"penci-bgitem\">\r\n    <div class=\"penci-bgitin\">\r\n        <div class=\"penci-bgmain\">\r\n            <div class=\"pcbg-thumb\">\r\n\t\t\t\t\t\t\t\t                <div class=\"pcbg-thumbin\">\r\n                    <a class=\"pcbg-bgoverlay active-overlay\"\r\n                       href=\"https:\/\/latribunenews.com\/index.php\/2026\/08\/31\/subvention-scolaire-2026-2027-le-fne-invite-les-familles-a-deposer-leurs-dossiers-du-1er-au-4-septembre-2026\/\" title=\"Subvention scolaire 2026-2027 : le FNE invite les familles \u00e0 d\u00e9poser leurs dossiers du 1er au 4 septembre 2026\"><\/a>\r\n\t\t\t\t\t                        <div class=\"penci-image-holder penci-lazy\"                             data-bgset=\"https:\/\/latribunenews.com\/wp-content\/uploads\/2026\/08\/IMG-20260831-WA0039-585x448.jpg\" data_bg_hidpi=\"https:\/\/latribunenews.com\/wp-content\/uploads\/2026\/08\/IMG-20260831-WA0039-585x448.jpg\"\r\n                             data-sizes=\"(max-width: 767px) 585px, 585px\">\r\n                        <\/div>\r\n\t\t\t\t\t                <\/div>\r\n            <\/div>\r\n            <div class=\"pcbg-content\">\r\n                <div class=\"pcbg-content-flex\">\r\n                    <a class=\"pcbg-bgoverlay\"\r\n                       href=\"https:\/\/latribunenews.com\/index.php\/2026\/08\/31\/subvention-scolaire-2026-2027-le-fne-invite-les-familles-a-deposer-leurs-dossiers-du-1er-au-4-septembre-2026\/\" title=\"Subvention scolaire 2026-2027 : le FNE invite les familles \u00e0 d\u00e9poser leurs dossiers du 1er au 4 septembre 2026\"><\/a>\r\n                    <div class=\"pcbg-content-inner bgcontent-block\">\r\n                        <a href=\"https:\/\/latribunenews.com\/index.php\/2026\/08\/31\/subvention-scolaire-2026-2027-le-fne-invite-les-familles-a-deposer-leurs-dossiers-du-1er-au-4-septembre-2026\/\" title=\"Subvention scolaire 2026-2027 : le FNE invite les familles \u00e0 d\u00e9poser leurs dossiers du 1er au 4 septembre 2026\"\r\n                           class=\"pcbg-bgoverlaytext item-hover\"><\/a>\r\n\r\n\t\t\t\t\t\t                            <div class=\"pcbg-above item-hover\">\r\n\t\t\t\t\t\t\t<span class=\"cat pcbg-sub-title\">\r\n\t\t\t\t\t\t\t\t<a style=\"\" class=\"penci-cat-name penci-cat-1\" href=\"https:\/\/latribunenews.com\/index.php\/category\/actualites\/actu\/\"  rel=\"category tag\"><span style=\"\">Actu<\/span><\/a><a style=\"\" class=\"penci-cat-name penci-cat-29\" href=\"https:\/\/latribunenews.com\/index.php\/category\/actualites\/\"  rel=\"category tag\"><span style=\"\">Actualit\u00e9s<\/span><\/a><a style=\"\" class=\"penci-cat-name penci-cat-33\" href=\"https:\/\/latribunenews.com\/index.php\/category\/education\/\"  rel=\"category tag\"><span style=\"\">Education<\/span><\/a>\t\t\t\t\t\t\t<\/span>\r\n                            <\/div>\r\n\t\t\t\t\t\t\r\n\t\t\t\t\t\t                            <div class=\"pcbg-heading item-hover\">\r\n                                <h3 class=\"pcbg-title\">\r\n                                    <a href=\"https:\/\/latribunenews.com\/index.php\/2026\/08\/31\/subvention-scolaire-2026-2027-le-fne-invite-les-familles-a-deposer-leurs-dossiers-du-1er-au-4-septembre-2026\/\">\r\n\t\t\t\t\t\t\t\t\t\tSubvention scolaire 2026-2027 : le FNE invite les familles \u00e0 d\u00e9poser leurs dossiers du 1er au 4 septembre 2026                                    <\/a>\r\n                                <\/h3>\r\n                            <\/div>\r\n\t\t\t\t\t\t\r\n\t\t\t\t\t\t                            <div class=\"grid-post-box-meta pcbg-meta item-hover\">\r\n                                <div class=\"pcbg-meta-desc\">\r\n\t\t\t\t\t\t\t\t\t\t\t\t\t\t\t\t\t\t                                        <span class=\"bg-date\"><time class=\"entry-date published\" datetime=\"2026-08-31T23:56:52+02:00\">31 August 2026<\/time><\/span>\r\n\t\t\t\t\t\t\t\t\t\t\t\t\t\t\t\t\t\t\t\t\t\t\t\t\t\t\t\t\t\t\t\t\t\t\t\t\t\t\t\t\t\t\t\t\t                                <\/div>\r\n\t\t\t\t\t\t\t\t                            <\/div>\r\n\t\t\t\t\t\t\r\n\t\t\t\t\t\t                    <\/div>\r\n                <\/div>\r\n            <\/div>\r\n        <\/div>\r\n    <\/div>\r\n<\/div>\r\n<div class=\"penci-bgitem\">\r\n    <div class=\"penci-bgitin\">\r\n        <div class=\"penci-bgmain\">\r\n            <div class=\"pcbg-thumb\">\r\n\t\t\t\t\t\t\t\t                <div class=\"pcbg-thumbin\">\r\n                    <a class=\"pcbg-bgoverlay active-overlay\"\r\n                       href=\"https:\/\/latribunenews.com\/index.php\/2026\/08\/31\/elections-en-haiti-ede-inscrit-ses-30-000-membres-mais-conteste-la-faisabilite-du-calendrier\/\" title=\"\u00c9lections en Ha\u00efti : EDE inscrit ses 30 000 membres mais conteste la faisabilit\u00e9 du calendrier\"><\/a>\r\n\t\t\t\t\t                        <div class=\"penci-image-holder penci-lazy\"                             data-bgset=\"https:\/\/latribunenews.com\/wp-content\/uploads\/2026\/08\/IMG-20260831-WA0034.jpg\" data_bg_hidpi=\"https:\/\/latribunenews.com\/wp-content\/uploads\/2026\/08\/IMG-20260831-WA0034.jpg\"\r\n                             data-sizes=\"(max-width: 767px) 585px, 585px\">\r\n                        <\/div>\r\n\t\t\t\t\t                <\/div>\r\n            <\/div>\r\n            <div class=\"pcbg-content\">\r\n                <div class=\"pcbg-content-flex\">\r\n                    <a class=\"pcbg-bgoverlay\"\r\n                       href=\"https:\/\/latribunenews.com\/index.php\/2026\/08\/31\/elections-en-haiti-ede-inscrit-ses-30-000-membres-mais-conteste-la-faisabilite-du-calendrier\/\" title=\"\u00c9lections en Ha\u00efti : EDE inscrit ses 30 000 membres mais conteste la faisabilit\u00e9 du calendrier\"><\/a>\r\n                    <div class=\"pcbg-content-inner bgcontent-block\">\r\n                        <a href=\"https:\/\/latribunenews.com\/index.php\/2026\/08\/31\/elections-en-haiti-ede-inscrit-ses-30-000-membres-mais-conteste-la-faisabilite-du-calendrier\/\" title=\"\u00c9lections en Ha\u00efti : EDE inscrit ses 30 000 membres mais conteste la faisabilit\u00e9 du calendrier\"\r\n                           class=\"pcbg-bgoverlaytext item-hover\"><\/a>\r\n\r\n\t\t\t\t\t\t                            <div class=\"pcbg-above item-hover\">\r\n\t\t\t\t\t\t\t<span class=\"cat pcbg-sub-title\">\r\n\t\t\t\t\t\t\t\t<a style=\"\" class=\"penci-cat-name penci-cat-1\" href=\"https:\/\/latribunenews.com\/index.php\/category\/actualites\/actu\/\"  rel=\"category tag\"><span style=\"\">Actu<\/span><\/a><a style=\"\" class=\"penci-cat-name penci-cat-29\" href=\"https:\/\/latribunenews.com\/index.php\/category\/actualites\/\"  rel=\"category tag\"><span style=\"\">Actualit\u00e9s<\/span><\/a><a style=\"\" class=\"penci-cat-name penci-cat-30\" href=\"https:\/\/latribunenews.com\/index.php\/category\/politique\/\"  rel=\"category tag\"><span style=\"\">Politique<\/span><\/a><a style=\"\" class=\"penci-cat-name penci-cat-38\" href=\"https:\/\/latribunenews.com\/index.php\/category\/securite\/\"  rel=\"category tag\"><span style=\"\">Securit\u00e9<\/span><\/a>\t\t\t\t\t\t\t<\/span>\r\n                            <\/div>\r\n\t\t\t\t\t\t\r\n\t\t\t\t\t\t                            <div class=\"pcbg-heading item-hover\">\r\n                                <h3 class=\"pcbg-title\">\r\n                                    <a href=\"https:\/\/latribunenews.com\/index.php\/2026\/08\/31\/elections-en-haiti-ede-inscrit-ses-30-000-membres-mais-conteste-la-faisabilite-du-calendrier\/\">\r\n\t\t\t\t\t\t\t\t\t\t\u00c9lections en Ha\u00efti : EDE inscrit ses 30 000 membres mais conteste la faisabilit\u00e9 du calendrier                                    <\/a>\r\n                                <\/h3>\r\n                            <\/div>\r\n\t\t\t\t\t\t\r\n\t\t\t\t\t\t                            <div class=\"grid-post-box-meta pcbg-meta item-hover\">\r\n                                <div class=\"pcbg-meta-desc\">\r\n\t\t\t\t\t\t\t\t\t\t\t\t\t\t\t\t\t\t                                        <span class=\"bg-date\"><time class=\"entry-date published\" datetime=\"2026-08-31T20:40:28+02:00\">31 August 2026<\/time><\/span>\r\n\t\t\t\t\t\t\t\t\t\t\t\t\t\t\t\t\t\t\t\t\t\t\t\t\t\t\t\t\t\t\t\t\t\t\t\t\t\t\t\t\t\t\t\t\t                                <\/div>\r\n\t\t\t\t\t\t\t\t                            <\/div>\r\n\t\t\t\t\t\t\r\n\t\t\t\t\t\t                    <\/div>\r\n                <\/div>\r\n            <\/div>\r\n        <\/div>\r\n    <\/div>\r\n<\/div>\r\n<div class=\"penci-bgitem\">\r\n    <div class=\"penci-bgitin\">\r\n        <div class=\"penci-bgmain\">\r\n            <div class=\"pcbg-thumb\">\r\n\t\t\t\t\t\t\t\t                <div class=\"pcbg-thumbin\">\r\n                    <a class=\"pcbg-bgoverlay active-overlay\"\r\n                       href=\"https:\/\/latribunenews.com\/index.php\/2026\/08\/31\/michel-martelly-de-retour-dans-larene-electorale-malgre-un-lourd-passif-politique\/\" title=\"Michel Martelly de retour dans l&#8217;ar\u00e8ne \u00e9lectorale, malgr\u00e9 un lourd passif politique\u00a0\"><\/a>\r\n\t\t\t\t\t                        <div class=\"penci-image-holder penci-lazy\"                             data-bgset=\"https:\/\/latribunenews.com\/wp-content\/uploads\/2026\/08\/IMG-20260831-WA0018-585x325.jpg\" data_bg_hidpi=\"https:\/\/latribunenews.com\/wp-content\/uploads\/2026\/08\/IMG-20260831-WA0018-585x325.jpg\"\r\n                             data-sizes=\"(max-width: 767px) 585px, 585px\">\r\n                        <\/div>\r\n\t\t\t\t\t                <\/div>\r\n            <\/div>\r\n            <div class=\"pcbg-content\">\r\n                <div class=\"pcbg-content-flex\">\r\n                    <a class=\"pcbg-bgoverlay\"\r\n                       href=\"https:\/\/latribunenews.com\/index.php\/2026\/08\/31\/michel-martelly-de-retour-dans-larene-electorale-malgre-un-lourd-passif-politique\/\" title=\"Michel Martelly de retour dans l&#8217;ar\u00e8ne \u00e9lectorale, malgr\u00e9 un lourd passif politique\u00a0\"><\/a>\r\n                    <div class=\"pcbg-content-inner bgcontent-block\">\r\n                        <a href=\"https:\/\/latribunenews.com\/index.php\/2026\/08\/31\/michel-martelly-de-retour-dans-larene-electorale-malgre-un-lourd-passif-politique\/\" title=\"Michel Martelly de retour dans l&#8217;ar\u00e8ne \u00e9lectorale, malgr\u00e9 un lourd passif politique\u00a0\"\r\n                           class=\"pcbg-bgoverlaytext item-hover\"><\/a>\r\n\r\n\t\t\t\t\t\t                            <div class=\"pcbg-above item-hover\">\r\n\t\t\t\t\t\t\t<span class=\"cat pcbg-sub-title\">\r\n\t\t\t\t\t\t\t\t<a style=\"\" class=\"penci-cat-name penci-cat-1\" href=\"https:\/\/latribunenews.com\/index.php\/category\/actualites\/actu\/\"  rel=\"category tag\"><span style=\"\">Actu<\/span><\/a><a style=\"\" class=\"penci-cat-name penci-cat-29\" href=\"https:\/\/latribunenews.com\/index.php\/category\/actualites\/\"  rel=\"category tag\"><span style=\"\">Actualit\u00e9s<\/span><\/a>\t\t\t\t\t\t\t<\/span>\r\n                            <\/div>\r\n\t\t\t\t\t\t\r\n\t\t\t\t\t\t                            <div class=\"pcbg-heading item-hover\">\r\n                                <h3 class=\"pcbg-title\">\r\n                                    <a href=\"https:\/\/latribunenews.com\/index.php\/2026\/08\/31\/michel-martelly-de-retour-dans-larene-electorale-malgre-un-lourd-passif-politique\/\">\r\n\t\t\t\t\t\t\t\t\t\tMichel Martelly de retour dans l&#8217;ar\u00e8ne \u00e9lectorale, malgr\u00e9 un lourd passif politique\u00a0                                    <\/a>\r\n                                <\/h3>\r\n                            <\/div>\r\n\t\t\t\t\t\t\r\n\t\t\t\t\t\t                            <div class=\"grid-post-box-meta pcbg-meta item-hover\">\r\n                                <div class=\"pcbg-meta-desc\">\r\n\t\t\t\t\t\t\t\t\t\t\t\t\t\t\t\t\t\t                                        <span class=\"bg-date\"><time class=\"entry-date published\" datetime=\"2026-08-31T16:10:16+02:00\">31 August 2026<\/time><\/span>\r\n\t\t\t\t\t\t\t\t\t\t\t\t\t\t\t\t\t\t\t\t\t\t\t\t\t\t\t\t\t\t\t\t\t\t\t\t\t\t\t\t\t\t\t\t\t                                <\/div>\r\n\t\t\t\t\t\t\t\t                            <\/div>\r\n\t\t\t\t\t\t\r\n\t\t\t\t\t\t                    <\/div>\r\n                <\/div>\r\n            <\/div>\r\n        <\/div>\r\n    <\/div>\r\n<\/div>\r\n<\/div>                <\/div>\r\n\t\t\t\t            <\/div>\r\n        <\/div>\r\n\t\t\t\t\t\t<\/div>\n\t\t\t\t<\/div>\n\t\t\t\t\t<\/div>\n\t\t<\/div>\n\t\t\t\t<div class=\"penci-ercol-50 penci-ercol-order-2 penci-sticky-ct    elementor-column elementor-col-50 elementor-top-column elementor-element elementor-element-2eb0de0\" data-id=\"2eb0de0\" data-element_type=\"column\" data-e-type=\"column\">\n\t\t\t<div class=\"elementor-widget-wrap elementor-element-populated\">\n\t\t\t\t\t\t<div class=\"elementor-element elementor-element-8f16dd6 elementor-widget elementor-widget-penci-big-grid\" data-id=\"8f16dd6\" data-element_type=\"widget\" data-e-type=\"widget\" data-widget_type=\"penci-big-grid.default\">\n\t\t\t\t<div class=\"elementor-widget-container\">\n\t\t\t\t\t        <div class=\"penci-clearfix penci-biggrid-wrapper penci-grid-col-2 penci-grid-mcol-1 penci-bgrid-based-post penci-bgrid-style-1 pcbg-ficonpo-top-right pcbg-reiconpo-top-left penci-bgrid-content-below pencibg-imageh-none pencibg-texth-none pencibg-textani-movetop textop\">\r\n\t\t\t            <div class=\"penci-clearfix penci-biggrid penci-bgstyle-1 penci-bgel\">\r\n                <div class=\"penci-biggrid-inner default\">\r\n\t\t\t\t\t<div class=\"penci-clearfix penci-biggrid-data penci-dflex\"><div class=\"penci-bgitem\">\r\n    <div class=\"penci-bgitin\">\r\n        <div class=\"penci-bgmain\">\r\n            <div class=\"pcbg-thumb\">\r\n\t\t\t\t\t\t\t\t                <div class=\"pcbg-thumbin\">\r\n                    <a class=\"pcbg-bgoverlay active-overlay\"\r\n                       href=\"https:\/\/latribunenews.com\/index.php\/2026\/08\/31\/haiti-appelle-le-conseil-de-securite-a-une-reponse-internationale-rapide-apres-le-massacre-de-kenscoff\/\" title=\"Ha\u00efti appelle le Conseil de s\u00e9curit\u00e9 \u00e0 une r\u00e9ponse internationale rapide apr\u00e8s le massacre de Kenscoff\"><\/a>\r\n\t\t\t\t\t                        <div class=\"penci-image-holder penci-lazy\"                             data-bgset=\"https:\/\/latribunenews.com\/wp-content\/uploads\/2026\/08\/IMG-20260831-WA0020-585x328.jpg\" data_bg_hidpi=\"https:\/\/latribunenews.com\/wp-content\/uploads\/2026\/08\/IMG-20260831-WA0020-585x328.jpg\"\r\n                             data-sizes=\"(max-width: 767px) 585px, 585px\">\r\n                        <\/div>\r\n\t\t\t\t\t                <\/div>\r\n            <\/div>\r\n            <div class=\"pcbg-content\">\r\n                <div class=\"pcbg-content-flex\">\r\n                    <a class=\"pcbg-bgoverlay\"\r\n                       href=\"https:\/\/latribunenews.com\/index.php\/2026\/08\/31\/haiti-appelle-le-conseil-de-securite-a-une-reponse-internationale-rapide-apres-le-massacre-de-kenscoff\/\" title=\"Ha\u00efti appelle le Conseil de s\u00e9curit\u00e9 \u00e0 une r\u00e9ponse internationale rapide apr\u00e8s le massacre de Kenscoff\"><\/a>\r\n                    <div class=\"pcbg-content-inner bgcontent-block\">\r\n                        <a href=\"https:\/\/latribunenews.com\/index.php\/2026\/08\/31\/haiti-appelle-le-conseil-de-securite-a-une-reponse-internationale-rapide-apres-le-massacre-de-kenscoff\/\" title=\"Ha\u00efti appelle le Conseil de s\u00e9curit\u00e9 \u00e0 une r\u00e9ponse internationale rapide apr\u00e8s le massacre de Kenscoff\"\r\n                           class=\"pcbg-bgoverlaytext item-hover\"><\/a>\r\n\r\n\t\t\t\t\t\t                            <div class=\"pcbg-above item-hover\">\r\n\t\t\t\t\t\t\t<span class=\"cat pcbg-sub-title\">\r\n\t\t\t\t\t\t\t\t<a style=\"\" class=\"penci-cat-name penci-cat-1\" href=\"https:\/\/latribunenews.com\/index.php\/category\/actualites\/actu\/\"  rel=\"category tag\"><span style=\"\">Actu<\/span><\/a><a style=\"\" class=\"penci-cat-name penci-cat-29\" href=\"https:\/\/latribunenews.com\/index.php\/category\/actualites\/\"  rel=\"category tag\"><span style=\"\">Actualit\u00e9s<\/span><\/a><a style=\"\" class=\"penci-cat-name penci-cat-28\" href=\"https:\/\/latribunenews.com\/index.php\/category\/diplomatie\/\"  rel=\"category tag\"><span style=\"\">Diplomatie<\/span><\/a><a style=\"\" class=\"penci-cat-name penci-cat-30\" href=\"https:\/\/latribunenews.com\/index.php\/category\/politique\/\"  rel=\"category tag\"><span style=\"\">Politique<\/span><\/a><a style=\"\" class=\"penci-cat-name penci-cat-38\" href=\"https:\/\/latribunenews.com\/index.php\/category\/securite\/\"  rel=\"category tag\"><span style=\"\">Securit\u00e9<\/span><\/a>\t\t\t\t\t\t\t<\/span>\r\n                            <\/div>\r\n\t\t\t\t\t\t\r\n\t\t\t\t\t\t                            <div class=\"pcbg-heading item-hover\">\r\n                                <h3 class=\"pcbg-title\">\r\n                                    <a href=\"https:\/\/latribunenews.com\/index.php\/2026\/08\/31\/haiti-appelle-le-conseil-de-securite-a-une-reponse-internationale-rapide-apres-le-massacre-de-kenscoff\/\">\r\n\t\t\t\t\t\t\t\t\t\tHa\u00efti appelle le Conseil de s\u00e9curit\u00e9 \u00e0 une r\u00e9ponse internationale rapide apr\u00e8s le massacre de Kenscoff                                    <\/a>\r\n                                <\/h3>\r\n                            <\/div>\r\n\t\t\t\t\t\t\r\n\t\t\t\t\t\t                            <div class=\"grid-post-box-meta pcbg-meta item-hover\">\r\n                                <div class=\"pcbg-meta-desc\">\r\n\t\t\t\t\t\t\t\t\t\t\t\t\t\t\t\t\t\t                                        <span class=\"bg-date\"><time class=\"entry-date published\" datetime=\"2026-08-31T15:44:13+02:00\">31 August 2026<\/time><\/span>\r\n\t\t\t\t\t\t\t\t\t\t\t\t\t\t\t\t\t\t\t\t\t\t\t\t\t\t\t\t\t\t\t\t\t\t\t\t\t\t\t\t\t\t\t\t\t                                <\/div>\r\n\t\t\t\t\t\t\t\t                            <\/div>\r\n\t\t\t\t\t\t\r\n\t\t\t\t\t\t                    <\/div>\r\n                <\/div>\r\n            <\/div>\r\n        <\/div>\r\n    <\/div>\r\n<\/div>\r\n<div class=\"penci-bgitem\">\r\n    <div class=\"penci-bgitin\">\r\n        <div class=\"penci-bgmain\">\r\n            <div class=\"pcbg-thumb\">\r\n\t\t\t\t\t\t\t\t                <div class=\"pcbg-thumbin\">\r\n                    <a class=\"pcbg-bgoverlay active-overlay\"\r\n                       href=\"https:\/\/latribunenews.com\/index.php\/2026\/08\/30\/viktwa-et-pascal-adrien-mobilisent-la-population-capoise-autour-dune-nouvelle-vision-pour-haiti\/\" title=\"VIKTWA et Pascal ADRIEN mobilisent la population capoise autour d\u2019une nouvelle vision pour Ha\u00efti\"><\/a>\r\n\t\t\t\t\t                        <div class=\"penci-image-holder penci-lazy\"                             data-bgset=\"https:\/\/latribunenews.com\/wp-content\/uploads\/2026\/08\/IMG_5488-585x400.jpeg\" data_bg_hidpi=\"https:\/\/latribunenews.com\/wp-content\/uploads\/2026\/08\/IMG_5488-585x400.jpeg\"\r\n                             data-sizes=\"(max-width: 767px) 585px, 585px\">\r\n                        <\/div>\r\n\t\t\t\t\t                <\/div>\r\n            <\/div>\r\n            <div class=\"pcbg-content\">\r\n                <div class=\"pcbg-content-flex\">\r\n                    <a class=\"pcbg-bgoverlay\"\r\n                       href=\"https:\/\/latribunenews.com\/index.php\/2026\/08\/30\/viktwa-et-pascal-adrien-mobilisent-la-population-capoise-autour-dune-nouvelle-vision-pour-haiti\/\" title=\"VIKTWA et Pascal ADRIEN mobilisent la population capoise autour d\u2019une nouvelle vision pour Ha\u00efti\"><\/a>\r\n                    <div class=\"pcbg-content-inner bgcontent-block\">\r\n                        <a href=\"https:\/\/latribunenews.com\/index.php\/2026\/08\/30\/viktwa-et-pascal-adrien-mobilisent-la-population-capoise-autour-dune-nouvelle-vision-pour-haiti\/\" title=\"VIKTWA et Pascal ADRIEN mobilisent la population capoise autour d\u2019une nouvelle vision pour Ha\u00efti\"\r\n                           class=\"pcbg-bgoverlaytext item-hover\"><\/a>\r\n\r\n\t\t\t\t\t\t                            <div class=\"pcbg-above item-hover\">\r\n\t\t\t\t\t\t\t<span class=\"cat pcbg-sub-title\">\r\n\t\t\t\t\t\t\t\t<a style=\"\" class=\"penci-cat-name penci-cat-1\" href=\"https:\/\/latribunenews.com\/index.php\/category\/actualites\/actu\/\"  rel=\"category tag\"><span style=\"\">Actu<\/span><\/a><a style=\"\" class=\"penci-cat-name penci-cat-29\" href=\"https:\/\/latribunenews.com\/index.php\/category\/actualites\/\"  rel=\"category tag\"><span style=\"\">Actualit\u00e9s<\/span><\/a><a style=\"\" class=\"penci-cat-name penci-cat-30\" href=\"https:\/\/latribunenews.com\/index.php\/category\/politique\/\"  rel=\"category tag\"><span style=\"\">Politique<\/span><\/a>\t\t\t\t\t\t\t<\/span>\r\n                            <\/div>\r\n\t\t\t\t\t\t\r\n\t\t\t\t\t\t                            <div class=\"pcbg-heading item-hover\">\r\n                                <h3 class=\"pcbg-title\">\r\n                                    <a href=\"https:\/\/latribunenews.com\/index.php\/2026\/08\/30\/viktwa-et-pascal-adrien-mobilisent-la-population-capoise-autour-dune-nouvelle-vision-pour-haiti\/\">\r\n\t\t\t\t\t\t\t\t\t\tVIKTWA et Pascal ADRIEN mobilisent la population capoise autour d\u2019une nouvelle vision pour Ha\u00efti                                    <\/a>\r\n                                <\/h3>\r\n                            <\/div>\r\n\t\t\t\t\t\t\r\n\t\t\t\t\t\t                            <div class=\"grid-post-box-meta pcbg-meta item-hover\">\r\n                                <div class=\"pcbg-meta-desc\">\r\n\t\t\t\t\t\t\t\t\t\t\t\t\t\t\t\t\t\t                                        <span class=\"bg-date\"><time class=\"entry-date published\" datetime=\"2026-08-30T03:03:54+02:00\">30 August 2026<\/time><\/span>\r\n\t\t\t\t\t\t\t\t\t\t\t\t\t\t\t\t\t\t\t\t\t\t\t\t\t\t\t\t\t\t\t\t\t\t\t\t\t\t\t\t\t\t\t\t\t                                <\/div>\r\n\t\t\t\t\t\t\t\t                            <\/div>\r\n\t\t\t\t\t\t\r\n\t\t\t\t\t\t                    <\/div>\r\n                <\/div>\r\n            <\/div>\r\n        <\/div>\r\n    <\/div>\r\n<\/div>\r\n<\/div>                <\/div>\r\n\t\t\t\t            <\/div>\r\n        <\/div>\r\n\t\t\t\t\t\t<\/div>\n\t\t\t\t<\/div>\n\t\t\t\t<div class=\"elementor-element elementor-element-257205f elementor-widget elementor-widget-penci-small-list\" data-id=\"257205f\" data-element_type=\"widget\" data-e-type=\"widget\" data-widget_type=\"penci-small-list.default\">\n\t\t\t\t<div class=\"elementor-widget-container\">\n\t\t\t\t\t<script>if( typeof(penciBlock) === \"undefined\" ) {function penciBlock() { this.atts_json = ''; this.content = ''; }}var penciBlocksArray = penciBlocksArray || [];var PENCILOCALCACHE = PENCILOCALCACHE || {};var pcblock_4540 = new penciBlock();pcblock_4540.blockID=\"pcblock_4540\";pcblock_4540.atts_json = '{\"type\":\"grid\",\"dformat\":\"\",\"date_pos\":\"left\",\"column\":\"1\",\"tab_column\":\"\",\"mb_column\":\"\",\"imgpos\":\"left\",\"thumb_size\":\"\",\"mthumb_size\":\"\",\"post_meta\":[\"title\",\"date\"],\"primary_cat\":\"\",\"title_length\":\"\",\"excerpt_pos\":\"below\",\"rmstyle\":\"filled\",\"excerpt_length\":15,\"nocrop\":\"\",\"hide_cat_mobile\":\"\",\"hide_meta_mobile\":\"\",\"hide_excerpt_mobile\":\"\",\"hide_rm_mobile\":\"\",\"imgtop_mobile\":\"\",\"ver_border\":\"\",\"hide_thumb\":\"\",\"show_reviewpie\":\"\",\"show_formaticon\":\"\",\"disable_lazy\":\"\",\"show_excerpt\":\"\",\"show_readmore\":\"\",\"query\":{\"orderby\":\"date\",\"order\":\"desc\",\"ignore_sticky_posts\":1,\"post_status\":\"publish\",\"post__not_in\":[],\"post_type\":\"post\",\"posts_per_page\":3,\"tax_query\":[{\"taxonomy\":\"category\",\"field\":\"term_id\",\"terms\":[\"43\"]}],\"offset\":6,\"paged\":1},\"category_ids\":\"\",\"taxonomy\":\"\"}';penciBlocksArray.push(pcblock_4540);<\/script>        <div class=\"penci-wrapper-smalllist\">\r\n\t\t\t\t\t\t            <div class=\"penci-smalllist-wrapper\">\r\n\t\t\t\t            <\/div>\r\n        <\/div>\r\n\t\t\t\t\t\t<\/div>\n\t\t\t\t<\/div>\n\t\t\t\t\t<\/div>\n\t\t<\/div>\n\t\t\t\t\t<\/div>\n\t\t<\/section>\n\t\t\t\t<section class=\"penci-section penci-disSticky penci-structure-10 elementor-section elementor-top-section elementor-element elementor-element-a48d1b5 elementor-section-boxed elementor-section-height-default elementor-section-height-default\" data-id=\"a48d1b5\" data-element_type=\"section\" data-e-type=\"section\">\n\t\t\t\t\t\t<div class=\"elementor-container elementor-column-gap-no\">\n\t\t\t\t\t<div class=\"penci-ercol-100 penci-ercol-order-1 penci-sticky-ct    elementor-column elementor-col-100 elementor-top-column elementor-element elementor-element-c7e3eac\" data-id=\"c7e3eac\" data-element_type=\"column\" data-e-type=\"column\">\n\t\t\t<div class=\"elementor-widget-wrap elementor-element-populated\">\n\t\t\t\t\t\t<div class=\"elementor-element elementor-element-33eeeb0 elementor-widget-divider--view-line elementor-widget elementor-widget-divider\" data-id=\"33eeeb0\" data-element_type=\"widget\" data-e-type=\"widget\" data-widget_type=\"divider.default\">\n\t\t\t\t\t\t\t<div class=\"elementor-divider\">\n\t\t\t<span class=\"elementor-divider-separator\">\n\t\t\t\t\t\t<\/span>\n\t\t<\/div>\n\t\t\t\t\t\t<\/div>\n\t\t\t\t\t<\/div>\n\t\t<\/div>\n\t\t\t\t\t<\/div>\n\t\t<\/section>\n\t\t\t\t<section class=\"penci-section penci-disSticky penci-structure-10 elementor-section elementor-top-section elementor-element elementor-element-aa17710 elementor-section-boxed elementor-section-height-default elementor-section-height-default\" data-id=\"aa17710\" data-element_type=\"section\" data-e-type=\"section\">\n\t\t\t\t\t\t<div class=\"elementor-container elementor-column-gap-no\">\n\t\t\t\t\t<div class=\"penci-ercol-100 penci-ercol-order-1 penci-sticky-ct    elementor-column elementor-col-100 elementor-top-column elementor-element elementor-element-0d66f36\" data-id=\"0d66f36\" data-element_type=\"column\" data-e-type=\"column\">\n\t\t\t<div class=\"elementor-widget-wrap elementor-element-populated\">\n\t\t\t\t\t\t<div class=\"elementor-element elementor-element-7366dbc elementor-widget elementor-widget-penci-block-heading\" data-id=\"7366dbc\" data-element_type=\"widget\" data-e-type=\"widget\" data-widget_type=\"penci-block-heading.default\">\n\t\t\t\t<div class=\"elementor-widget-container\">\n\t\t\t\t\t\t\t<div class=\"penci-border-arrow penci-homepage-title penci-home-latest-posts style-6 pcalign-left pciconp-right pcicon-right block-title-icon-left\">\n\t\t\t<h3 class=\"inner-arrow\">\r\n\t\t\t\t<span>\r\n\t\t\t\t<span>DIPLOMATIE<\/span>\t\t\t\t\t<\/span>\r\n\t\t\t<\/h3>\r\n\t\t\t\t\t<\/div>\r\n\t\t\t\t\t\t<\/div>\n\t\t\t\t<\/div>\n\t\t\t\t\t<\/div>\n\t\t<\/div>\n\t\t\t\t\t<\/div>\n\t\t<\/section>\n\t\t\t\t<section class=\"penci-section penci-disSticky penci-structure-30 elementor-section elementor-top-section elementor-element elementor-element-d0fde22 elementor-section-boxed elementor-section-height-default elementor-section-height-default\" data-id=\"d0fde22\" data-element_type=\"section\" data-e-type=\"section\">\n\t\t\t\t\t\t<div class=\"elementor-container elementor-column-gap-extended\">\n\t\t\t\t\t<div class=\"penci-ercol-33 penci-ercol-order-1 penci-sticky-sb penci-sidebarSC   elementor-column elementor-col-33 elementor-top-column elementor-element elementor-element-b0b6578\" data-id=\"b0b6578\" data-element_type=\"column\" data-e-type=\"column\">\n\t\t\t<div class=\"elementor-widget-wrap elementor-element-populated\">\n\t\t\t\t\t\t<div class=\"elementor-element elementor-element-25dd1cf elementor-widget elementor-widget-penci-big-grid\" data-id=\"25dd1cf\" data-element_type=\"widget\" data-e-type=\"widget\" data-widget_type=\"penci-big-grid.default\">\n\t\t\t\t<div class=\"elementor-widget-container\">\n\t\t\t\t\t        <div class=\"penci-clearfix penci-biggrid-wrapper penci-grid-col-1 penci-grid-mcol-1 penci-bgrid-based-post penci-bgrid-style-1 pcbg-ficonpo-top-right pcbg-reiconpo-top-left penci-bgrid-content-on pencibg-imageh-zoom-in pencibg-texth-none pencibg-textani-movetop textop\">\r\n\t\t\t            <div class=\"penci-clearfix penci-biggrid penci-bgstyle-1 penci-bgel\">\r\n                <div class=\"penci-biggrid-inner default\">\r\n\t\t\t\t\t<div class=\"penci-clearfix penci-biggrid-data penci-dflex\"><div class=\"penci-bgitem\">\r\n    <div class=\"penci-bgitin\">\r\n        <div class=\"penci-bgmain\">\r\n            <div class=\"pcbg-thumb\">\r\n\t\t\t\t\t\t\t\t                <div class=\"pcbg-thumbin\">\r\n                    <a class=\"pcbg-bgoverlay\"\r\n                       href=\"https:\/\/latribunenews.com\/index.php\/2026\/08\/31\/haiti-appelle-le-conseil-de-securite-a-une-reponse-internationale-rapide-apres-le-massacre-de-kenscoff\/\" title=\"Ha\u00efti appelle le Conseil de s\u00e9curit\u00e9 \u00e0 une r\u00e9ponse internationale rapide apr\u00e8s le massacre de Kenscoff\"><\/a>\r\n\t\t\t\t\t                        <div class=\"penci-image-holder penci-lazy\"                             data-bgset=\"https:\/\/latribunenews.com\/wp-content\/uploads\/2026\/08\/IMG-20260831-WA0020-1024x574.jpg\" data_bg_hidpi=\"https:\/\/latribunenews.com\/wp-content\/uploads\/2026\/08\/IMG-20260831-WA0020-585x328.jpg\"\r\n                             data-sizes=\"(max-width: 767px) 585px, 1024px\">\r\n                        <\/div>\r\n\t\t\t\t\t                <\/div>\r\n            <\/div>\r\n            <div class=\"pcbg-content\">\r\n                <div class=\"pcbg-content-flex\">\r\n                    <a class=\"pcbg-bgoverlay\"\r\n                       href=\"https:\/\/latribunenews.com\/index.php\/2026\/08\/31\/haiti-appelle-le-conseil-de-securite-a-une-reponse-internationale-rapide-apres-le-massacre-de-kenscoff\/\" title=\"Ha\u00efti appelle le Conseil de s\u00e9curit\u00e9 \u00e0 une r\u00e9ponse internationale rapide apr\u00e8s le massacre de Kenscoff\"><\/a>\r\n                    <div class=\"pcbg-content-inner bgcontent-block\">\r\n                        <a href=\"https:\/\/latribunenews.com\/index.php\/2026\/08\/31\/haiti-appelle-le-conseil-de-securite-a-une-reponse-internationale-rapide-apres-le-massacre-de-kenscoff\/\" title=\"Ha\u00efti appelle le Conseil de s\u00e9curit\u00e9 \u00e0 une r\u00e9ponse internationale rapide apr\u00e8s le massacre de Kenscoff\"\r\n                           class=\"pcbg-bgoverlaytext active-overlay item-hover\"><\/a>\r\n\r\n\t\t\t\t\t\t\r\n\t\t\t\t\t\t                            <div class=\"pcbg-heading item-hover\">\r\n                                <h3 class=\"pcbg-title\">\r\n                                    <a href=\"https:\/\/latribunenews.com\/index.php\/2026\/08\/31\/haiti-appelle-le-conseil-de-securite-a-une-reponse-internationale-rapide-apres-le-massacre-de-kenscoff\/\">\r\n\t\t\t\t\t\t\t\t\t\tHa\u00efti appelle le Conseil de s\u00e9curit\u00e9 \u00e0 une r\u00e9ponse internationale rapide apr\u00e8s le massacre de Kenscoff                                    <\/a>\r\n                                <\/h3>\r\n                            <\/div>\r\n\t\t\t\t\t\t\r\n\t\t\t\t\t\t                            <div class=\"grid-post-box-meta pcbg-meta item-hover\">\r\n                                <div class=\"pcbg-meta-desc\">\r\n\t\t\t\t\t\t\t\t\t\t\t\t\t\t\t\t\t\t                                        <span class=\"bg-date\"><time class=\"entry-date published\" datetime=\"2026-08-31T15:44:13+02:00\">31 August 2026<\/time><\/span>\r\n\t\t\t\t\t\t\t\t\t\t\t\t\t\t\t\t\t\t\t\t\t\t\t\t\t\t\t\t\t\t\t\t\t\t\t\t\t\t\t\t\t\t\t\t\t                                <\/div>\r\n\t\t\t\t\t\t\t\t                            <\/div>\r\n\t\t\t\t\t\t\r\n\t\t\t\t\t\t                    <\/div>\r\n                <\/div>\r\n            <\/div>\r\n        <\/div>\r\n    <\/div>\r\n<\/div>\r\n<\/div>                <\/div>\r\n\t\t\t\t            <\/div>\r\n        <\/div>\r\n\t\t\t\t\t\t<\/div>\n\t\t\t\t<\/div>\n\t\t\t\t\t<\/div>\n\t\t<\/div>\n\t\t\t\t<div class=\"penci-ercol-33 penci-ercol-order-2 penci-sticky-sb penci-sidebarSC   elementor-column elementor-col-33 elementor-top-column elementor-element elementor-element-c169fd7\" data-id=\"c169fd7\" data-element_type=\"column\" data-e-type=\"column\">\n\t\t\t<div class=\"elementor-widget-wrap elementor-element-populated\">\n\t\t\t\t\t\t<div class=\"elementor-element elementor-element-174eef6 elementor-widget elementor-widget-penci-big-grid\" data-id=\"174eef6\" data-element_type=\"widget\" data-e-type=\"widget\" data-widget_type=\"penci-big-grid.default\">\n\t\t\t\t<div class=\"elementor-widget-container\">\n\t\t\t\t\t        <div class=\"penci-clearfix penci-biggrid-wrapper penci-grid-col-1 penci-grid-mcol-1 penci-bgrid-based-post penci-bgrid-style-1 pcbg-ficonpo-top-right pcbg-reiconpo-top-left penci-bgrid-content-below pencibg-imageh-none pencibg-texth-none pencibg-textani-movetop textop\">\r\n\t\t\t            <div class=\"penci-clearfix penci-biggrid penci-bgstyle-1 penci-bgel\">\r\n                <div class=\"penci-biggrid-inner default\">\r\n\t\t\t\t\t<div class=\"penci-clearfix penci-biggrid-data penci-dflex\"><div class=\"penci-bgitem\">\r\n    <div class=\"penci-bgitin\">\r\n        <div class=\"penci-bgmain\">\r\n            <div class=\"pcbg-thumb\">\r\n\t\t\t\t\t\t\t\t                <div class=\"pcbg-thumbin\">\r\n                    <a class=\"pcbg-bgoverlay active-overlay\"\r\n                       href=\"https:\/\/latribunenews.com\/index.php\/2026\/08\/29\/transformation-numerique-le-maec-modernise-sa-diplomatie-sous-le-leadership-de-la-ministre-raina-forbin\/\" title=\"Transformation num\u00e9rique : le MAEC modernise sa diplomatie sous le leadership de la Ministre Raina FORBIN\"><\/a>\r\n\t\t\t\t\t                        <div class=\"penci-image-holder penci-lazy\"                             data-bgset=\"https:\/\/latribunenews.com\/wp-content\/uploads\/2026\/08\/IMG-20260828-WA0052-585x731.jpg\" data_bg_hidpi=\"https:\/\/latribunenews.com\/wp-content\/uploads\/2026\/08\/IMG-20260828-WA0052-585x731.jpg\"\r\n                             data-sizes=\"(max-width: 767px) 585px, 585px\">\r\n                        <\/div>\r\n\t\t\t\t\t                <\/div>\r\n            <\/div>\r\n            <div class=\"pcbg-content\">\r\n                <div class=\"pcbg-content-flex\">\r\n                    <a class=\"pcbg-bgoverlay\"\r\n                       href=\"https:\/\/latribunenews.com\/index.php\/2026\/08\/29\/transformation-numerique-le-maec-modernise-sa-diplomatie-sous-le-leadership-de-la-ministre-raina-forbin\/\" title=\"Transformation num\u00e9rique : le MAEC modernise sa diplomatie sous le leadership de la Ministre Raina FORBIN\"><\/a>\r\n                    <div class=\"pcbg-content-inner bgcontent-block\">\r\n                        <a href=\"https:\/\/latribunenews.com\/index.php\/2026\/08\/29\/transformation-numerique-le-maec-modernise-sa-diplomatie-sous-le-leadership-de-la-ministre-raina-forbin\/\" title=\"Transformation num\u00e9rique : le MAEC modernise sa diplomatie sous le leadership de la Ministre Raina FORBIN\"\r\n                           class=\"pcbg-bgoverlaytext item-hover\"><\/a>\r\n\r\n\t\t\t\t\t\t\r\n\t\t\t\t\t\t                            <div class=\"pcbg-heading item-hover\">\r\n                                <h3 class=\"pcbg-title\">\r\n                                    <a href=\"https:\/\/latribunenews.com\/index.php\/2026\/08\/29\/transformation-numerique-le-maec-modernise-sa-diplomatie-sous-le-leadership-de-la-ministre-raina-forbin\/\">\r\n\t\t\t\t\t\t\t\t\t\tTransformation num\u00e9rique : le MAEC modernise sa diplomatie sous le leadership de la Ministre Raina FORBIN                                    <\/a>\r\n                                <\/h3>\r\n                            <\/div>\r\n\t\t\t\t\t\t\r\n\t\t\t\t\t\t                            <div class=\"grid-post-box-meta pcbg-meta item-hover\">\r\n                                <div class=\"pcbg-meta-desc\">\r\n\t\t\t\t\t\t\t\t\t\t\t\t\t\t\t\t\t\t                                        <span class=\"bg-date\"><time class=\"entry-date published\" datetime=\"2026-08-29T23:57:02+02:00\">29 August 2026<\/time><\/span>\r\n\t\t\t\t\t\t\t\t\t\t\t\t\t\t\t\t\t\t\t\t\t\t\t\t\t\t\t\t\t\t\t\t\t\t\t\t\t\t\t\t\t\t\t\t\t                                <\/div>\r\n\t\t\t\t\t\t\t\t                                    <div class=\"pcbg-pexcerpt\">\r\n\t\t\t\t\t\t\t\t\t\t<p>\u00c0 travers une transformation num\u00e9rique strat\u00e9gique, le Minist\u00e8re des Affaires \u00e9trang\u00e8res et des Cultes (MAEC) entend adapter son &#8230;<\/p>\n                                    <\/div>\r\n\t\t\t\t\t\t\t\t                            <\/div>\r\n\t\t\t\t\t\t\r\n\t\t\t\t\t\t                    <\/div>\r\n                <\/div>\r\n            <\/div>\r\n        <\/div>\r\n    <\/div>\r\n<\/div>\r\n<\/div>                <\/div>\r\n\t\t\t\t            <\/div>\r\n        <\/div>\r\n\t\t\t\t\t\t<\/div>\n\t\t\t\t<\/div>\n\t\t\t\t\t<\/div>\n\t\t<\/div>\n\t\t\t\t<div class=\"penci-ercol-33 penci-ercol-order-3 penci-sticky-sb penci-sidebarSC   elementor-column elementor-col-33 elementor-top-column elementor-element elementor-element-39a9376\" data-id=\"39a9376\" data-element_type=\"column\" data-e-type=\"column\">\n\t\t\t<div class=\"elementor-widget-wrap elementor-element-populated\">\n\t\t\t\t\t\t<div class=\"elementor-element elementor-element-a4952d1 elementor-widget elementor-widget-penci-small-list\" data-id=\"a4952d1\" data-element_type=\"widget\" data-e-type=\"widget\" data-widget_type=\"penci-small-list.default\">\n\t\t\t\t<div class=\"elementor-widget-container\">\n\t\t\t\t\t<script>if( typeof(penciBlock) === \"undefined\" ) {function penciBlock() { this.atts_json = ''; this.content = ''; }}var penciBlocksArray = penciBlocksArray || [];var PENCILOCALCACHE = PENCILOCALCACHE || {};var pcblock_5964 = new penciBlock();pcblock_5964.blockID=\"pcblock_5964\";pcblock_5964.atts_json = '{\"type\":\"grid\",\"dformat\":\"\",\"date_pos\":\"left\",\"column\":\"1\",\"tab_column\":\"\",\"mb_column\":\"\",\"imgpos\":\"left\",\"thumb_size\":\"\",\"mthumb_size\":\"\",\"post_meta\":[\"title\",\"date\"],\"primary_cat\":\"\",\"title_length\":\"\",\"excerpt_pos\":\"below\",\"rmstyle\":\"filled\",\"excerpt_length\":15,\"nocrop\":\"\",\"hide_cat_mobile\":\"\",\"hide_meta_mobile\":\"\",\"hide_excerpt_mobile\":\"\",\"hide_rm_mobile\":\"\",\"imgtop_mobile\":\"\",\"ver_border\":\"\",\"hide_thumb\":\"\",\"show_reviewpie\":\"\",\"show_formaticon\":\"\",\"disable_lazy\":\"\",\"show_excerpt\":\"\",\"show_readmore\":\"\",\"query\":{\"orderby\":\"date\",\"order\":\"desc\",\"ignore_sticky_posts\":1,\"post_status\":\"publish\",\"post__not_in\":[],\"post_type\":\"post\",\"posts_per_page\":4,\"tax_query\":[{\"taxonomy\":\"category\",\"field\":\"term_id\",\"terms\":[\"28\"]}],\"offset\":2,\"paged\":1},\"category_ids\":\"\",\"taxonomy\":\"\"}';penciBlocksArray.push(pcblock_5964);<\/script>        <div class=\"penci-wrapper-smalllist\">\r\n\t\t\t\t\t\t            <div class=\"penci-smalllist-wrapper\">\r\n\t\t\t\t                    <div class=\"penci-smalllist pcsl-wrapper pwsl-id-default\">\r\n                        <div class=\"pcsl-inner penci-clearfix pcsl-grid pcsl-imgpos-left pcsl-col-1 pcsl-tabcol-2 pcsl-mobcol-1\">\r\n\t\t\t\t\t\t\t                                <div class=\"pcsl-item\">\r\n                                    <div class=\"pcsl-itemin\">\r\n                                        <div class=\"pcsl-iteminer\">\r\n\t\t\t\t\t\t\t\t\t\t\t\r\n\t\t\t\t\t\t\t\t\t\t\t                                                <div class=\"pcsl-thumb\">\r\n\t\t\t\t\t\t\t\t\t\t\t\t\t\t\t\t\t\t\t\t\t\t\t\t\t\t\t\t\t\t\t\t\t\t\t\t\t\t\t                                                        <a href=\"https:\/\/latribunenews.com\/index.php\/2026\/08\/28\/haiti-loea-reaffirme-son-soutien-a-une-solution-portee-par-les-acteurs-haitiens\/\"\r\n                                                           title=\"Ha\u00efti : l\u2019OEA r\u00e9affirme son soutien \u00e0 une solution port\u00e9e par les acteurs ha\u00eftiens\"\r\n                                                           class=\"penci-image-holder penci-lazy\"                                                           data-bgset=\"https:\/\/latribunenews.com\/wp-content\/uploads\/2026\/08\/IMG-20260828-WA0037-263x175.jpg\">\r\n                                                        <\/a>\r\n\t\t\t\t\t\t\t\t\t\t\t\t\t                                                <\/div>\r\n\t\t\t\t\t\t\t\t\t\t\t                                            <div class=\"pcsl-content\">\r\n\t\t\t\t\t\t\t\t\t\t\t\t\r\n\t\t\t\t\t\t\t\t\t\t\t\t                                                    <div class=\"pcsl-title\">\r\n                                                        <a href=\"https:\/\/latribunenews.com\/index.php\/2026\/08\/28\/haiti-loea-reaffirme-son-soutien-a-une-solution-portee-par-les-acteurs-haitiens\/\">Ha\u00efti : l\u2019OEA r\u00e9affirme son soutien \u00e0 une solution port\u00e9e par les acteurs ha\u00eftiens<\/a>\r\n                                                    <\/div>\r\n\t\t\t\t\t\t\t\t\t\t\t\t\r\n\t\t\t\t\t\t\t\t\t\t\t\t                                                    <div class=\"grid-post-box-meta pcsl-meta\">\r\n\t\t\t\t\t\t\t\t\t\t\t\t\t\t\t\t\t\t\t\t\t\t\t\t\t\t\t\t                                                            <span class=\"sl-date\"><time class=\"entry-date published\" datetime=\"2026-08-28T22:04:15+02:00\">28 August 2026<\/time><\/span>\r\n\t\t\t\t\t\t\t\t\t\t\t\t\t\t\t\t\t\t\t\t\t\t\t\t\t\t\t\t\t\t\t\t\t\t\t\t\t\t\t\t\t\t\t\t\t\t\t\t\t\t\t\t\t\t\t\t\t\t\t\t\t\t\t\t\t\t\t\t\t\t                                                    <\/div>\r\n\t\t\t\t\t\t\t\t\t\t\t\t\r\n\t\t\t\t\t\t\t\t\t\t\t\t\t\t\t\t\t\t\t\t\t\t\t\t\r\n                                            <\/div>\r\n\r\n\t\t\t\t\t\t\t\t\t\t\t                                        <\/div>\r\n                                    <\/div>\r\n                                <\/div>\r\n\t\t\t\t\t\t\t                                <div class=\"pcsl-item\">\r\n                                    <div class=\"pcsl-itemin\">\r\n                                        <div class=\"pcsl-iteminer\">\r\n\t\t\t\t\t\t\t\t\t\t\t\r\n\t\t\t\t\t\t\t\t\t\t\t                                                <div class=\"pcsl-thumb\">\r\n\t\t\t\t\t\t\t\t\t\t\t\t\t\t\t\t\t\t\t\t\t\t\t\t\t\t\t\t\t\t\t\t\t\t\t\t\t\t\t                                                        <a href=\"https:\/\/latribunenews.com\/index.php\/2026\/08\/22\/haiti-rend-hommage-a-lambassadeur-du-canada-andre-francois-giroux-a-lissue-de-sa-mission-diplomatique\/\"\r\n                                                           title=\"Ha\u00efti rend hommage \u00e0 l\u2019ambassadeur du Canada Andr\u00e9 Fran\u00e7ois Giroux \u00e0 l\u2019issue de sa mission diplomatique\"\r\n                                                           class=\"penci-image-holder penci-lazy\"                                                           data-bgset=\"https:\/\/latribunenews.com\/wp-content\/uploads\/2026\/08\/IMG_5364-263x175.jpeg\">\r\n                                                        <\/a>\r\n\t\t\t\t\t\t\t\t\t\t\t\t\t                                                <\/div>\r\n\t\t\t\t\t\t\t\t\t\t\t                                            <div class=\"pcsl-content\">\r\n\t\t\t\t\t\t\t\t\t\t\t\t\r\n\t\t\t\t\t\t\t\t\t\t\t\t                                                    <div class=\"pcsl-title\">\r\n                                                        <a href=\"https:\/\/latribunenews.com\/index.php\/2026\/08\/22\/haiti-rend-hommage-a-lambassadeur-du-canada-andre-francois-giroux-a-lissue-de-sa-mission-diplomatique\/\">Ha\u00efti rend hommage \u00e0 l\u2019ambassadeur du Canada Andr\u00e9 Fran\u00e7ois Giroux \u00e0 l\u2019issue de sa mission diplomatique<\/a>\r\n                                                    <\/div>\r\n\t\t\t\t\t\t\t\t\t\t\t\t\r\n\t\t\t\t\t\t\t\t\t\t\t\t                                                    <div class=\"grid-post-box-meta pcsl-meta\">\r\n\t\t\t\t\t\t\t\t\t\t\t\t\t\t\t\t\t\t\t\t\t\t\t\t\t\t\t\t                                                            <span class=\"sl-date\"><time class=\"entry-date published\" datetime=\"2026-08-22T12:13:14+02:00\">22 August 2026<\/time><\/span>\r\n\t\t\t\t\t\t\t\t\t\t\t\t\t\t\t\t\t\t\t\t\t\t\t\t\t\t\t\t\t\t\t\t\t\t\t\t\t\t\t\t\t\t\t\t\t\t\t\t\t\t\t\t\t\t\t\t\t\t\t\t\t\t\t\t\t\t\t\t\t\t                                                    <\/div>\r\n\t\t\t\t\t\t\t\t\t\t\t\t\r\n\t\t\t\t\t\t\t\t\t\t\t\t\t\t\t\t\t\t\t\t\t\t\t\t\r\n                                            <\/div>\r\n\r\n\t\t\t\t\t\t\t\t\t\t\t                                        <\/div>\r\n                                    <\/div>\r\n                                <\/div>\r\n\t\t\t\t\t\t\t                                <div class=\"pcsl-item\">\r\n                                    <div class=\"pcsl-itemin\">\r\n                                        <div class=\"pcsl-iteminer\">\r\n\t\t\t\t\t\t\t\t\t\t\t\r\n\t\t\t\t\t\t\t\t\t\t\t                                                <div class=\"pcsl-thumb\">\r\n\t\t\t\t\t\t\t\t\t\t\t\t\t\t\t\t\t\t\t\t\t\t\t\t\t\t\t\t\t\t\t\t\t\t\t\t\t\t\t                                                        <a href=\"https:\/\/latribunenews.com\/index.php\/2026\/08\/19\/courrier-diplomatique-du-maec-une-diplomatie-haitienne-offensive-au-service-des-priorites-nationales\/\"\r\n                                                           title=\"Courrier diplomatique du MAEC : une diplomatie ha\u00eftienne offensive au service des priorit\u00e9s nationales\"\r\n                                                           class=\"penci-image-holder penci-lazy\"                                                           data-bgset=\"https:\/\/latribunenews.com\/wp-content\/uploads\/2026\/08\/40f3ed54-5204-472a-9389-2f05cd016444-263x175.jpeg\">\r\n                                                        <\/a>\r\n\t\t\t\t\t\t\t\t\t\t\t\t\t                                                <\/div>\r\n\t\t\t\t\t\t\t\t\t\t\t                                            <div class=\"pcsl-content\">\r\n\t\t\t\t\t\t\t\t\t\t\t\t\r\n\t\t\t\t\t\t\t\t\t\t\t\t                                                    <div class=\"pcsl-title\">\r\n                                                        <a href=\"https:\/\/latribunenews.com\/index.php\/2026\/08\/19\/courrier-diplomatique-du-maec-une-diplomatie-haitienne-offensive-au-service-des-priorites-nationales\/\">Courrier diplomatique du MAEC : une diplomatie ha\u00eftienne offensive au service des priorit\u00e9s nationales<\/a>\r\n                                                    <\/div>\r\n\t\t\t\t\t\t\t\t\t\t\t\t\r\n\t\t\t\t\t\t\t\t\t\t\t\t                                                    <div class=\"grid-post-box-meta pcsl-meta\">\r\n\t\t\t\t\t\t\t\t\t\t\t\t\t\t\t\t\t\t\t\t\t\t\t\t\t\t\t\t                                                            <span class=\"sl-date\"><time class=\"entry-date published\" datetime=\"2026-08-19T19:47:04+02:00\">19 August 2026<\/time><\/span>\r\n\t\t\t\t\t\t\t\t\t\t\t\t\t\t\t\t\t\t\t\t\t\t\t\t\t\t\t\t\t\t\t\t\t\t\t\t\t\t\t\t\t\t\t\t\t\t\t\t\t\t\t\t\t\t\t\t\t\t\t\t\t\t\t\t\t\t\t\t\t\t                                                    <\/div>\r\n\t\t\t\t\t\t\t\t\t\t\t\t\r\n\t\t\t\t\t\t\t\t\t\t\t\t\t\t\t\t\t\t\t\t\t\t\t\t\r\n                                            <\/div>\r\n\r\n\t\t\t\t\t\t\t\t\t\t\t                                        <\/div>\r\n                                    <\/div>\r\n                                <\/div>\r\n\t\t\t\t\t\t\t                                <div class=\"pcsl-item\">\r\n                                    <div class=\"pcsl-itemin\">\r\n                                        <div class=\"pcsl-iteminer\">\r\n\t\t\t\t\t\t\t\t\t\t\t\r\n\t\t\t\t\t\t\t\t\t\t\t                                                <div class=\"pcsl-thumb\">\r\n\t\t\t\t\t\t\t\t\t\t\t\t\t\t\t\t\t\t\t\t\t\t\t\t\t\t\t\t\t\t\t\t\t\t\t\t\t\t\t                                                        <a href=\"https:\/\/latribunenews.com\/index.php\/2026\/08\/18\/vers-la-modernisation-du-maec-la-chanceliere-haitienne-raina-forbin-imprime-une-nouvelle-dynamique-strategique-a-la-diplomatie-haitienne\/\"\r\n                                                           title=\"Vers la modernisation du MAEC : la chanceli\u00e8re ha\u00eftienne Raina FORBIN imprime une nouvelle dynamique strat\u00e9gique \u00e0 la diplomatie ha\u00eftienne\"\r\n                                                           class=\"penci-image-holder penci-lazy\"                                                           data-bgset=\"https:\/\/latribunenews.com\/wp-content\/uploads\/2026\/08\/4cc3676e-1fd3-4a77-ae63-7e5439a1d558-263x175.jpeg\">\r\n                                                        <\/a>\r\n\t\t\t\t\t\t\t\t\t\t\t\t\t                                                <\/div>\r\n\t\t\t\t\t\t\t\t\t\t\t                                            <div class=\"pcsl-content\">\r\n\t\t\t\t\t\t\t\t\t\t\t\t\r\n\t\t\t\t\t\t\t\t\t\t\t\t                                                    <div class=\"pcsl-title\">\r\n                                                        <a href=\"https:\/\/latribunenews.com\/index.php\/2026\/08\/18\/vers-la-modernisation-du-maec-la-chanceliere-haitienne-raina-forbin-imprime-une-nouvelle-dynamique-strategique-a-la-diplomatie-haitienne\/\">Vers la modernisation du MAEC : la chanceli\u00e8re ha\u00eftienne Raina FORBIN imprime une nouvelle dynamique strat\u00e9gique \u00e0 la diplomatie ha\u00eftienne<\/a>\r\n                                                    <\/div>\r\n\t\t\t\t\t\t\t\t\t\t\t\t\r\n\t\t\t\t\t\t\t\t\t\t\t\t                                                    <div class=\"grid-post-box-meta pcsl-meta\">\r\n\t\t\t\t\t\t\t\t\t\t\t\t\t\t\t\t\t\t\t\t\t\t\t\t\t\t\t\t                                                            <span class=\"sl-date\"><time class=\"entry-date published\" datetime=\"2026-08-18T17:02:58+02:00\">18 August 2026<\/time><\/span>\r\n\t\t\t\t\t\t\t\t\t\t\t\t\t\t\t\t\t\t\t\t\t\t\t\t\t\t\t\t\t\t\t\t\t\t\t\t\t\t\t\t\t\t\t\t\t\t\t\t\t\t\t\t\t\t\t\t\t\t\t\t\t\t\t\t\t\t\t\t\t\t                                                    <\/div>\r\n\t\t\t\t\t\t\t\t\t\t\t\t\r\n\t\t\t\t\t\t\t\t\t\t\t\t\t\t\t\t\t\t\t\t\t\t\t\t\r\n                                            <\/div>\r\n\r\n\t\t\t\t\t\t\t\t\t\t\t                                        <\/div>\r\n                                    <\/div>\r\n                                <\/div>\r\n\t\t\t\t\t\t\t                        <\/div>\r\n\r\n\t\t\t\t\t\t\r\n                    <\/div>\r\n\t\t\t\t\t            <\/div>\r\n        <\/div>\r\n\t\t\t\t\t\t<\/div>\n\t\t\t\t<\/div>\n\t\t\t\t\t<\/div>\n\t\t<\/div>\n\t\t\t\t\t<\/div>\n\t\t<\/section>\n\t\t\t\t<section class=\"penci-section penci-disSticky penci-structure-10 elementor-section elementor-top-section elementor-element elementor-element-e80b53e elementor-section-boxed elementor-section-height-default elementor-section-height-default\" data-id=\"e80b53e\" data-element_type=\"section\" data-e-type=\"section\">\n\t\t\t\t\t\t<div class=\"elementor-container elementor-column-gap-no\">\n\t\t\t\t\t<div class=\"penci-ercol-100 penci-ercol-order-1 penci-sticky-ct    elementor-column elementor-col-100 elementor-top-column elementor-element elementor-element-0ae00e2\" data-id=\"0ae00e2\" data-element_type=\"column\" data-e-type=\"column\">\n\t\t\t<div class=\"elementor-widget-wrap elementor-element-populated\">\n\t\t\t\t\t\t<div class=\"elementor-element elementor-element-5cc8677 elementor-widget-divider--view-line elementor-widget elementor-widget-divider\" data-id=\"5cc8677\" data-element_type=\"widget\" data-e-type=\"widget\" data-widget_type=\"divider.default\">\n\t\t\t\t\t\t\t<div class=\"elementor-divider\">\n\t\t\t<span class=\"elementor-divider-separator\">\n\t\t\t\t\t\t<\/span>\n\t\t<\/div>\n\t\t\t\t\t\t<\/div>\n\t\t\t\t<div class=\"elementor-element elementor-element-81e40a1 elementor-widget elementor-widget-penci-block-heading\" data-id=\"81e40a1\" data-element_type=\"widget\" data-e-type=\"widget\" data-widget_type=\"penci-block-heading.default\">\n\t\t\t\t<div class=\"elementor-widget-container\">\n\t\t\t\t\t\t\t<div class=\"penci-border-arrow penci-homepage-title penci-home-latest-posts style-6 pcalign-left pciconp-right pcicon-right block-title-icon-left\">\n\t\t\t<h3 class=\"inner-arrow\">\r\n\t\t\t\t<span>\r\n\t\t\t\t<span>POLITIQUE<\/span>\t\t\t\t\t<\/span>\r\n\t\t\t<\/h3>\r\n\t\t\t\t\t<\/div>\r\n\t\t\t\t\t\t<\/div>\n\t\t\t\t<\/div>\n\t\t\t\t\t<\/div>\n\t\t<\/div>\n\t\t\t\t\t<\/div>\n\t\t<\/section>\n\t\t\t\t<section class=\"penci-section penci-disSticky penci-structure-20 elementor-section elementor-top-section elementor-element elementor-element-d17061f elementor-section-boxed elementor-section-height-default elementor-section-height-default\" data-id=\"d17061f\" data-element_type=\"section\" data-e-type=\"section\">\n\t\t\t\t\t\t<div class=\"elementor-container elementor-column-gap-extended\">\n\t\t\t\t\t<div class=\"penci-ercol-50 penci-ercol-order-1 penci-sticky-ct    elementor-column elementor-col-50 elementor-top-column elementor-element elementor-element-7bbe517\" data-id=\"7bbe517\" data-element_type=\"column\" data-e-type=\"column\">\n\t\t\t<div class=\"elementor-widget-wrap elementor-element-populated\">\n\t\t\t\t\t\t<div class=\"elementor-element elementor-element-1cbaa88 elementor-widget elementor-widget-penci-big-grid\" data-id=\"1cbaa88\" data-element_type=\"widget\" data-e-type=\"widget\" data-widget_type=\"penci-big-grid.default\">\n\t\t\t\t<div class=\"elementor-widget-container\">\n\t\t\t\t\t        <div class=\"penci-clearfix penci-biggrid-wrapper penci-grid-col-1 penci-grid-mcol-1 penci-bgrid-based-post penci-bgrid-style-1 pcbg-ficonpo-top-right pcbg-reiconpo-top-left penci-bgrid-content-below pencibg-imageh-none pencibg-texth-none pencibg-textani-movetop textop\">\r\n\t\t\t            <div class=\"penci-clearfix penci-biggrid penci-bgstyle-1 penci-bgel\">\r\n                <div class=\"penci-biggrid-inner default\">\r\n\t\t\t\t\t<div class=\"penci-clearfix penci-biggrid-data penci-dflex\"><div class=\"penci-bgitem\">\r\n    <div class=\"penci-bgitin\">\r\n        <div class=\"penci-bgmain\">\r\n            <div class=\"pcbg-thumb\">\r\n\t\t\t\t\t\t\t\t                <div class=\"pcbg-thumbin\">\r\n                    <a class=\"pcbg-bgoverlay active-overlay\"\r\n                       href=\"https:\/\/latribunenews.com\/index.php\/2026\/08\/31\/elections-en-haiti-ede-inscrit-ses-30-000-membres-mais-conteste-la-faisabilite-du-calendrier\/\" title=\"\u00c9lections en Ha\u00efti : EDE inscrit ses 30 000 membres mais conteste la faisabilit\u00e9 du calendrier\"><\/a>\r\n\t\t\t\t\t                        <div class=\"penci-image-holder penci-lazy\"                             data-bgset=\"https:\/\/latribunenews.com\/wp-content\/uploads\/2026\/08\/IMG-20260831-WA0034.jpg\" data_bg_hidpi=\"https:\/\/latribunenews.com\/wp-content\/uploads\/2026\/08\/IMG-20260831-WA0034.jpg\"\r\n                             data-sizes=\"(max-width: 767px) 585px, 1024px\">\r\n                        <\/div>\r\n\t\t\t\t\t                <\/div>\r\n            <\/div>\r\n            <div class=\"pcbg-content\">\r\n                <div class=\"pcbg-content-flex\">\r\n                    <a class=\"pcbg-bgoverlay\"\r\n                       href=\"https:\/\/latribunenews.com\/index.php\/2026\/08\/31\/elections-en-haiti-ede-inscrit-ses-30-000-membres-mais-conteste-la-faisabilite-du-calendrier\/\" title=\"\u00c9lections en Ha\u00efti : EDE inscrit ses 30 000 membres mais conteste la faisabilit\u00e9 du calendrier\"><\/a>\r\n                    <div class=\"pcbg-content-inner bgcontent-block\">\r\n                        <a href=\"https:\/\/latribunenews.com\/index.php\/2026\/08\/31\/elections-en-haiti-ede-inscrit-ses-30-000-membres-mais-conteste-la-faisabilite-du-calendrier\/\" title=\"\u00c9lections en Ha\u00efti : EDE inscrit ses 30 000 membres mais conteste la faisabilit\u00e9 du calendrier\"\r\n                           class=\"pcbg-bgoverlaytext item-hover\"><\/a>\r\n\r\n\t\t\t\t\t\t\r\n\t\t\t\t\t\t                            <div class=\"pcbg-heading item-hover\">\r\n                                <h3 class=\"pcbg-title\">\r\n                                    <a href=\"https:\/\/latribunenews.com\/index.php\/2026\/08\/31\/elections-en-haiti-ede-inscrit-ses-30-000-membres-mais-conteste-la-faisabilite-du-calendrier\/\">\r\n\t\t\t\t\t\t\t\t\t\t\u00c9lections en Ha\u00efti : EDE inscrit ses 30 000 membres mais conteste la faisabilit\u00e9 du calendrier                                    <\/a>\r\n                                <\/h3>\r\n                            <\/div>\r\n\t\t\t\t\t\t\r\n\t\t\t\t\t\t                            <div class=\"grid-post-box-meta pcbg-meta item-hover\">\r\n                                <div class=\"pcbg-meta-desc\">\r\n\t\t\t\t\t\t\t\t\t\t\t\t\t\t\t\t\t\t                                        <span class=\"bg-date\"><time class=\"entry-date published\" datetime=\"2026-08-31T20:40:28+02:00\">31 August 2026<\/time><\/span>\r\n\t\t\t\t\t\t\t\t\t\t\t\t\t\t\t\t\t\t\t\t\t\t\t\t\t\t\t\t\t\t\t\t\t\t\t\t\t\t\t\t\t\t\t\t\t                                <\/div>\r\n\t\t\t\t\t\t\t\t                                    <div class=\"pcbg-pexcerpt\">\r\n\t\t\t\t\t\t\t\t\t\t<p>Dans un communiqu\u00e9 publi\u00e9 ce 31 ao\u00fbt,\u00a0le parti politique Les Engag\u00e9s pour le D\u00e9veloppement (EDE), dirig\u00e9 par l\u2019ancien Premier ministre Claude Joseph, annonce avoir finalis\u00e9 l\u2019inscription des &#8230;<\/p>\n                                    <\/div>\r\n\t\t\t\t\t\t\t\t                            <\/div>\r\n\t\t\t\t\t\t\r\n\t\t\t\t\t\t                    <\/div>\r\n                <\/div>\r\n            <\/div>\r\n        <\/div>\r\n    <\/div>\r\n<\/div>\r\n<\/div>                <\/div>\r\n\t\t\t\t            <\/div>\r\n        <\/div>\r\n\t\t\t\t\t\t<\/div>\n\t\t\t\t<\/div>\n\t\t\t\t\t<\/div>\n\t\t<\/div>\n\t\t\t\t<div class=\"penci-ercol-50 penci-ercol-order-2 penci-sticky-ct    elementor-column elementor-col-50 elementor-top-column elementor-element elementor-element-5c722f2\" data-id=\"5c722f2\" data-element_type=\"column\" data-e-type=\"column\">\n\t\t\t<div class=\"elementor-widget-wrap elementor-element-populated\">\n\t\t\t\t\t\t<div class=\"elementor-element elementor-element-ee8ae98 elementor-widget elementor-widget-penci-small-list\" data-id=\"ee8ae98\" data-element_type=\"widget\" data-e-type=\"widget\" data-widget_type=\"penci-small-list.default\">\n\t\t\t\t<div class=\"elementor-widget-container\">\n\t\t\t\t\t<script>if( typeof(penciBlock) === \"undefined\" ) {function penciBlock() { this.atts_json = ''; this.content = ''; }}var penciBlocksArray = penciBlocksArray || [];var PENCILOCALCACHE = PENCILOCALCACHE || {};var pcblock_2205 = new penciBlock();pcblock_2205.blockID=\"pcblock_2205\";pcblock_2205.atts_json = '{\"type\":\"grid\",\"dformat\":\"\",\"date_pos\":\"left\",\"column\":\"1\",\"tab_column\":\"\",\"mb_column\":\"\",\"imgpos\":\"right\",\"thumb_size\":\"\",\"mthumb_size\":\"\",\"post_meta\":[\"title\",\"date\"],\"primary_cat\":\"\",\"title_length\":\"\",\"excerpt_pos\":\"below\",\"rmstyle\":\"filled\",\"excerpt_length\":15,\"nocrop\":\"\",\"hide_cat_mobile\":\"\",\"hide_meta_mobile\":\"\",\"hide_excerpt_mobile\":\"\",\"hide_rm_mobile\":\"\",\"imgtop_mobile\":\"\",\"ver_border\":\"\",\"hide_thumb\":\"\",\"show_reviewpie\":\"\",\"show_formaticon\":\"\",\"disable_lazy\":\"\",\"show_excerpt\":\"\",\"show_readmore\":\"\",\"query\":{\"orderby\":\"date\",\"order\":\"desc\",\"ignore_sticky_posts\":1,\"post_status\":\"publish\",\"post__not_in\":[],\"post_type\":\"post\",\"posts_per_page\":3,\"tax_query\":[{\"taxonomy\":\"category\",\"field\":\"term_id\",\"terms\":[\"30\"]}],\"offset\":1,\"paged\":1},\"category_ids\":\"\",\"taxonomy\":\"\"}';penciBlocksArray.push(pcblock_2205);<\/script>        <div class=\"penci-wrapper-smalllist\">\r\n\t\t\t\t\t\t            <div class=\"penci-smalllist-wrapper\">\r\n\t\t\t\t                    <div class=\"penci-smalllist pcsl-wrapper pwsl-id-default\">\r\n                        <div class=\"pcsl-inner penci-clearfix pcsl-grid pcsl-imgpos-right pcsl-col-1 pcsl-tabcol-2 pcsl-mobcol-1\">\r\n\t\t\t\t\t\t\t                                <div class=\"pcsl-item\">\r\n                                    <div class=\"pcsl-itemin\">\r\n                                        <div class=\"pcsl-iteminer\">\r\n\t\t\t\t\t\t\t\t\t\t\t\r\n\t\t\t\t\t\t\t\t\t\t\t                                                <div class=\"pcsl-thumb\">\r\n\t\t\t\t\t\t\t\t\t\t\t\t\t\t\t\t\t\t\t\t\t\t\t\t\t\t\t\t\t\t\t\t\t\t\t\t\t\t\t                                                        <a href=\"https:\/\/latribunenews.com\/index.php\/2026\/08\/31\/haiti-appelle-le-conseil-de-securite-a-une-reponse-internationale-rapide-apres-le-massacre-de-kenscoff\/\"\r\n                                                           title=\"Ha\u00efti appelle le Conseil de s\u00e9curit\u00e9 \u00e0 une r\u00e9ponse internationale rapide apr\u00e8s le massacre de Kenscoff\"\r\n                                                           class=\"penci-image-holder penci-lazy\"                                                           data-bgset=\"https:\/\/latribunenews.com\/wp-content\/uploads\/2026\/08\/IMG-20260831-WA0020-263x175.jpg\">\r\n                                                        <\/a>\r\n\t\t\t\t\t\t\t\t\t\t\t\t\t                                                <\/div>\r\n\t\t\t\t\t\t\t\t\t\t\t                                            <div class=\"pcsl-content\">\r\n\t\t\t\t\t\t\t\t\t\t\t\t\r\n\t\t\t\t\t\t\t\t\t\t\t\t                                                    <div class=\"pcsl-title\">\r\n                                                        <a href=\"https:\/\/latribunenews.com\/index.php\/2026\/08\/31\/haiti-appelle-le-conseil-de-securite-a-une-reponse-internationale-rapide-apres-le-massacre-de-kenscoff\/\">Ha\u00efti appelle le Conseil de s\u00e9curit\u00e9 \u00e0 une r\u00e9ponse internationale rapide apr\u00e8s le massacre de Kenscoff<\/a>\r\n                                                    <\/div>\r\n\t\t\t\t\t\t\t\t\t\t\t\t\r\n\t\t\t\t\t\t\t\t\t\t\t\t                                                    <div class=\"grid-post-box-meta pcsl-meta\">\r\n\t\t\t\t\t\t\t\t\t\t\t\t\t\t\t\t\t\t\t\t\t\t\t\t\t\t\t\t                                                            <span class=\"sl-date\"><time class=\"entry-date published\" datetime=\"2026-08-31T15:44:13+02:00\">31 August 2026<\/time><\/span>\r\n\t\t\t\t\t\t\t\t\t\t\t\t\t\t\t\t\t\t\t\t\t\t\t\t\t\t\t\t\t\t\t\t\t\t\t\t\t\t\t\t\t\t\t\t\t\t\t\t\t\t\t\t\t\t\t\t\t\t\t\t\t\t\t\t\t\t\t\t\t\t                                                    <\/div>\r\n\t\t\t\t\t\t\t\t\t\t\t\t\r\n\t\t\t\t\t\t\t\t\t\t\t\t\t\t\t\t\t\t\t\t\t\t\t\t\r\n                                            <\/div>\r\n\r\n\t\t\t\t\t\t\t\t\t\t\t                                        <\/div>\r\n                                    <\/div>\r\n                                <\/div>\r\n\t\t\t\t\t\t\t                                <div class=\"pcsl-item\">\r\n                                    <div class=\"pcsl-itemin\">\r\n                                        <div class=\"pcsl-iteminer\">\r\n\t\t\t\t\t\t\t\t\t\t\t\r\n\t\t\t\t\t\t\t\t\t\t\t                                                <div class=\"pcsl-thumb\">\r\n\t\t\t\t\t\t\t\t\t\t\t\t\t\t\t\t\t\t\t\t\t\t\t\t\t\t\t\t\t\t\t\t\t\t\t\t\t\t\t                                                        <a href=\"https:\/\/latribunenews.com\/index.php\/2026\/08\/30\/viktwa-et-pascal-adrien-mobilisent-la-population-capoise-autour-dune-nouvelle-vision-pour-haiti\/\"\r\n                                                           title=\"VIKTWA et Pascal ADRIEN mobilisent la population capoise autour d\u2019une nouvelle vision pour Ha\u00efti\"\r\n                                                           class=\"penci-image-holder penci-lazy\"                                                           data-bgset=\"https:\/\/latribunenews.com\/wp-content\/uploads\/2026\/08\/IMG_5488-263x175.jpeg\">\r\n                                                        <\/a>\r\n\t\t\t\t\t\t\t\t\t\t\t\t\t                                                <\/div>\r\n\t\t\t\t\t\t\t\t\t\t\t                                            <div class=\"pcsl-content\">\r\n\t\t\t\t\t\t\t\t\t\t\t\t\r\n\t\t\t\t\t\t\t\t\t\t\t\t                                                    <div class=\"pcsl-title\">\r\n                                                        <a href=\"https:\/\/latribunenews.com\/index.php\/2026\/08\/30\/viktwa-et-pascal-adrien-mobilisent-la-population-capoise-autour-dune-nouvelle-vision-pour-haiti\/\">VIKTWA et Pascal ADRIEN mobilisent la population capoise autour d\u2019une nouvelle vision pour Ha\u00efti<\/a>\r\n                                                    <\/div>\r\n\t\t\t\t\t\t\t\t\t\t\t\t\r\n\t\t\t\t\t\t\t\t\t\t\t\t                                                    <div class=\"grid-post-box-meta pcsl-meta\">\r\n\t\t\t\t\t\t\t\t\t\t\t\t\t\t\t\t\t\t\t\t\t\t\t\t\t\t\t\t                                                            <span class=\"sl-date\"><time class=\"entry-date published\" datetime=\"2026-08-30T03:03:54+02:00\">30 August 2026<\/time><\/span>\r\n\t\t\t\t\t\t\t\t\t\t\t\t\t\t\t\t\t\t\t\t\t\t\t\t\t\t\t\t\t\t\t\t\t\t\t\t\t\t\t\t\t\t\t\t\t\t\t\t\t\t\t\t\t\t\t\t\t\t\t\t\t\t\t\t\t\t\t\t\t\t                                                    <\/div>\r\n\t\t\t\t\t\t\t\t\t\t\t\t\r\n\t\t\t\t\t\t\t\t\t\t\t\t\t\t\t\t\t\t\t\t\t\t\t\t\r\n                                            <\/div>\r\n\r\n\t\t\t\t\t\t\t\t\t\t\t                                        <\/div>\r\n                                    <\/div>\r\n                                <\/div>\r\n\t\t\t\t\t\t\t                                <div class=\"pcsl-item\">\r\n                                    <div class=\"pcsl-itemin\">\r\n                                        <div class=\"pcsl-iteminer\">\r\n\t\t\t\t\t\t\t\t\t\t\t\r\n\t\t\t\t\t\t\t\t\t\t\t                                                <div class=\"pcsl-thumb\">\r\n\t\t\t\t\t\t\t\t\t\t\t\t\t\t\t\t\t\t\t\t\t\t\t\t\t\t\t\t\t\t\t\t\t\t\t\t\t\t\t                                                        <a href=\"https:\/\/latribunenews.com\/index.php\/2026\/08\/28\/haiti-loea-reaffirme-son-soutien-a-une-solution-portee-par-les-acteurs-haitiens\/\"\r\n                                                           title=\"Ha\u00efti : l\u2019OEA r\u00e9affirme son soutien \u00e0 une solution port\u00e9e par les acteurs ha\u00eftiens\"\r\n                                                           class=\"penci-image-holder penci-lazy\"                                                           data-bgset=\"https:\/\/latribunenews.com\/wp-content\/uploads\/2026\/08\/IMG-20260828-WA0037-263x175.jpg\">\r\n                                                        <\/a>\r\n\t\t\t\t\t\t\t\t\t\t\t\t\t                                                <\/div>\r\n\t\t\t\t\t\t\t\t\t\t\t                                            <div class=\"pcsl-content\">\r\n\t\t\t\t\t\t\t\t\t\t\t\t\r\n\t\t\t\t\t\t\t\t\t\t\t\t                                                    <div class=\"pcsl-title\">\r\n                                                        <a href=\"https:\/\/latribunenews.com\/index.php\/2026\/08\/28\/haiti-loea-reaffirme-son-soutien-a-une-solution-portee-par-les-acteurs-haitiens\/\">Ha\u00efti : l\u2019OEA r\u00e9affirme son soutien \u00e0 une solution port\u00e9e par les acteurs ha\u00eftiens<\/a>\r\n                                                    <\/div>\r\n\t\t\t\t\t\t\t\t\t\t\t\t\r\n\t\t\t\t\t\t\t\t\t\t\t\t                                                    <div class=\"grid-post-box-meta pcsl-meta\">\r\n\t\t\t\t\t\t\t\t\t\t\t\t\t\t\t\t\t\t\t\t\t\t\t\t\t\t\t\t                                                            <span class=\"sl-date\"><time class=\"entry-date published\" datetime=\"2026-08-28T22:04:15+02:00\">28 August 2026<\/time><\/span>\r\n\t\t\t\t\t\t\t\t\t\t\t\t\t\t\t\t\t\t\t\t\t\t\t\t\t\t\t\t\t\t\t\t\t\t\t\t\t\t\t\t\t\t\t\t\t\t\t\t\t\t\t\t\t\t\t\t\t\t\t\t\t\t\t\t\t\t\t\t\t\t                                                    <\/div>\r\n\t\t\t\t\t\t\t\t\t\t\t\t\r\n\t\t\t\t\t\t\t\t\t\t\t\t\t\t\t\t\t\t\t\t\t\t\t\t\r\n                                            <\/div>\r\n\r\n\t\t\t\t\t\t\t\t\t\t\t                                        <\/div>\r\n                                    <\/div>\r\n                                <\/div>\r\n\t\t\t\t\t\t\t                        <\/div>\r\n\r\n\t\t\t\t\t\t\r\n                    <\/div>\r\n\t\t\t\t\t            <\/div>\r\n        <\/div>\r\n\t\t\t\t\t\t<\/div>\n\t\t\t\t<\/div>\n\t\t\t\t\t<\/div>\n\t\t<\/div>\n\t\t\t\t\t<\/div>\n\t\t<\/section>\n\t\t\t\t<section class=\"penci-section penci-disSticky penci-structure-20 elementor-section elementor-top-section elementor-element elementor-element-633d0f7 elementor-section-boxed elementor-section-height-default elementor-section-height-default\" data-id=\"633d0f7\" data-element_type=\"section\" data-e-type=\"section\">\n\t\t\t\t\t\t<div class=\"elementor-container elementor-column-gap-extended\">\n\t\t\t\t\t<div class=\"penci-ercol-50 penci-ercol-order-1 penci-sticky-ct    elementor-column elementor-col-50 elementor-top-column elementor-element elementor-element-8539c07\" data-id=\"8539c07\" data-element_type=\"column\" data-e-type=\"column\">\n\t\t\t<div class=\"elementor-widget-wrap elementor-element-populated\">\n\t\t\t\t\t\t<div class=\"elementor-element elementor-element-0599582 elementor-widget elementor-widget-penci-big-grid\" data-id=\"0599582\" data-element_type=\"widget\" data-e-type=\"widget\" data-widget_type=\"penci-big-grid.default\">\n\t\t\t\t<div class=\"elementor-widget-container\">\n\t\t\t\t\t        <div class=\"penci-clearfix penci-biggrid-wrapper penci-grid-col-3 penci-grid-mcol-1 penci-bgrid-based-post penci-bgrid-style-1 pcbg-ficonpo-top-right pcbg-reiconpo-top-left penci-bgrid-content-on pencibg-imageh-move-right pencibg-texth-none pencibg-textani-movetop textop\">\r\n\t\t\t            <div class=\"penci-clearfix penci-biggrid penci-bgstyle-1 penci-bgel\">\r\n                <div class=\"penci-biggrid-inner default\">\r\n\t\t\t\t\t                <\/div>\r\n\t\t\t\t            <\/div>\r\n        <\/div>\r\n\t\t\t\t\t\t<\/div>\n\t\t\t\t<\/div>\n\t\t\t\t\t<\/div>\n\t\t<\/div>\n\t\t\t\t<div class=\"penci-ercol-50 penci-ercol-order-2 penci-sticky-ct    elementor-column elementor-col-50 elementor-top-column elementor-element elementor-element-365acda\" data-id=\"365acda\" data-element_type=\"column\" data-e-type=\"column\">\n\t\t\t<div class=\"elementor-widget-wrap elementor-element-populated\">\n\t\t\t\t\t\t\t<\/div>\n\t\t<\/div>\n\t\t\t\t\t<\/div>\n\t\t<\/section>\n\t\t\t\t<section class=\"penci-section penci-disSticky penci-structure-10 elementor-section elementor-top-section elementor-element elementor-element-8402182 elementor-section-boxed elementor-section-height-default elementor-section-height-default\" data-id=\"8402182\" data-element_type=\"section\" data-e-type=\"section\">\n\t\t\t\t\t\t<div class=\"elementor-container elementor-column-gap-no\">\n\t\t\t\t\t<div class=\"penci-ercol-100 penci-ercol-order-1 penci-sticky-ct    elementor-column elementor-col-100 elementor-top-column elementor-element elementor-element-e188e3c\" data-id=\"e188e3c\" data-element_type=\"column\" data-e-type=\"column\">\n\t\t\t<div class=\"elementor-widget-wrap elementor-element-populated\">\n\t\t\t\t\t\t<div class=\"elementor-element elementor-element-b628d3a elementor-widget-divider--view-line elementor-widget elementor-widget-divider\" data-id=\"b628d3a\" data-element_type=\"widget\" data-e-type=\"widget\" data-widget_type=\"divider.default\">\n\t\t\t\t\t\t\t<div class=\"elementor-divider\">\n\t\t\t<span class=\"elementor-divider-separator\">\n\t\t\t\t\t\t<\/span>\n\t\t<\/div>\n\t\t\t\t\t\t<\/div>\n\t\t\t\t<div class=\"elementor-element elementor-element-4daba23 elementor-widget elementor-widget-penci-block-heading\" data-id=\"4daba23\" data-element_type=\"widget\" data-e-type=\"widget\" data-widget_type=\"penci-block-heading.default\">\n\t\t\t\t<div class=\"elementor-widget-container\">\n\t\t\t\t\t\t\t<div class=\"penci-border-arrow penci-homepage-title penci-home-latest-posts style-6 pcalign-left pciconp-right pcicon-right block-title-icon-left\">\n\t\t\t<h3 class=\"inner-arrow\">\r\n\t\t\t\t<span>\r\n\t\t\t\t<span>JUSTICE<\/span>\t\t\t\t\t<\/span>\r\n\t\t\t<\/h3>\r\n\t\t\t\t\t<\/div>\r\n\t\t\t\t\t\t<\/div>\n\t\t\t\t<\/div>\n\t\t\t\t\t<\/div>\n\t\t<\/div>\n\t\t\t\t\t<\/div>\n\t\t<\/section>\n\t\t\t\t<section class=\"penci-section penci-disSticky penci-structure-30 elementor-section elementor-top-section elementor-element elementor-element-8e3b658 elementor-section-boxed elementor-section-height-default elementor-section-height-default\" data-id=\"8e3b658\" data-element_type=\"section\" data-e-type=\"section\">\n\t\t\t\t\t\t<div class=\"elementor-container elementor-column-gap-extended\">\n\t\t\t\t\t<div class=\"penci-ercol-33 penci-ercol-order-1 penci-sticky-sb penci-sidebarSC   elementor-column elementor-col-33 elementor-top-column elementor-element elementor-element-1bcdc42\" data-id=\"1bcdc42\" data-element_type=\"column\" data-e-type=\"column\">\n\t\t\t<div class=\"elementor-widget-wrap elementor-element-populated\">\n\t\t\t\t\t\t<div class=\"elementor-element elementor-element-f1fe122 elementor-widget elementor-widget-penci-big-grid\" data-id=\"f1fe122\" data-element_type=\"widget\" data-e-type=\"widget\" data-widget_type=\"penci-big-grid.default\">\n\t\t\t\t<div class=\"elementor-widget-container\">\n\t\t\t\t\t        <div class=\"penci-clearfix penci-biggrid-wrapper penci-grid-col-1 penci-grid-mcol-1 penci-bgrid-based-post penci-bgrid-style-1 pcbg-ficonpo-top-right pcbg-reiconpo-top-left penci-bgrid-content-below pencibg-imageh-zoom-in pencibg-texth-none pencibg-textani-movetop textop\">\r\n\t\t\t            <div class=\"penci-clearfix penci-biggrid penci-bgstyle-1 penci-bgel\">\r\n                <div class=\"penci-biggrid-inner default\">\r\n\t\t\t\t\t<div class=\"penci-clearfix penci-biggrid-data penci-dflex\"><div class=\"penci-bgitem\">\r\n    <div class=\"penci-bgitin\">\r\n        <div class=\"penci-bgmain\">\r\n            <div class=\"pcbg-thumb\">\r\n\t\t\t\t\t\t\t\t                <div class=\"pcbg-thumbin\">\r\n                    <a class=\"pcbg-bgoverlay\"\r\n                       href=\"https:\/\/latribunenews.com\/index.php\/2026\/08\/25\/certificat-de-police-des-dispositions-speciales-pour-les-candidats-aux-prochaines-elections\/\" title=\"Certificat de police : des dispositions sp\u00e9ciales pour les candidats aux prochaines \u00e9lections\"><\/a>\r\n\t\t\t\t\t                        <div class=\"penci-image-holder penci-lazy\"                             data-bgset=\"https:\/\/latribunenews.com\/wp-content\/uploads\/2026\/08\/IMG_5407-1024x1024.jpeg\" data_bg_hidpi=\"https:\/\/latribunenews.com\/wp-content\/uploads\/2026\/08\/IMG_5407-585x585.jpeg\"\r\n                             data-sizes=\"(max-width: 767px) 585px, 1024px\">\r\n                        <\/div>\r\n\t\t\t\t\t                <\/div>\r\n            <\/div>\r\n            <div class=\"pcbg-content\">\r\n                <div class=\"pcbg-content-flex\">\r\n                    <a class=\"pcbg-bgoverlay\"\r\n                       href=\"https:\/\/latribunenews.com\/index.php\/2026\/08\/25\/certificat-de-police-des-dispositions-speciales-pour-les-candidats-aux-prochaines-elections\/\" title=\"Certificat de police : des dispositions sp\u00e9ciales pour les candidats aux prochaines \u00e9lections\"><\/a>\r\n                    <div class=\"pcbg-content-inner bgcontent-block\">\r\n                        <a href=\"https:\/\/latribunenews.com\/index.php\/2026\/08\/25\/certificat-de-police-des-dispositions-speciales-pour-les-candidats-aux-prochaines-elections\/\" title=\"Certificat de police : des dispositions sp\u00e9ciales pour les candidats aux prochaines \u00e9lections\"\r\n                           class=\"pcbg-bgoverlaytext item-hover\"><\/a>\r\n\r\n\t\t\t\t\t\t\r\n\t\t\t\t\t\t                            <div class=\"pcbg-heading item-hover\">\r\n                                <h3 class=\"pcbg-title\">\r\n                                    <a href=\"https:\/\/latribunenews.com\/index.php\/2026\/08\/25\/certificat-de-police-des-dispositions-speciales-pour-les-candidats-aux-prochaines-elections\/\">\r\n\t\t\t\t\t\t\t\t\t\tCertificat de police : des dispositions sp\u00e9ciales pour les candidats aux prochaines \u00e9lections                                    <\/a>\r\n                                <\/h3>\r\n                            <\/div>\r\n\t\t\t\t\t\t\r\n\t\t\t\t\t\t                            <div class=\"grid-post-box-meta pcbg-meta item-hover\">\r\n                                <div class=\"pcbg-meta-desc\">\r\n\t\t\t\t\t\t\t\t\t\t\t\t\t\t\t\t\t\t                                        <span class=\"bg-date\"><time class=\"entry-date published\" datetime=\"2026-08-25T14:37:47+02:00\">25 August 2026<\/time><\/span>\r\n\t\t\t\t\t\t\t\t\t\t\t\t\t\t\t\t\t\t\t\t\t\t\t\t\t\t\t\t\t\t\t\t\t\t\t\t\t\t\t\t\t\t\t\t\t                                <\/div>\r\n\t\t\t\t\t\t\t\t                                    <div class=\"pcbg-pexcerpt\">\r\n\t\t\t\t\t\t\t\t\t\t<p>Le Minist\u00e8re de la Justice et de la S\u00e9curit\u00e9 Publique (MJSP) annonce la mise en place de dispositions &#8230;<\/p>\n                                    <\/div>\r\n\t\t\t\t\t\t\t\t                            <\/div>\r\n\t\t\t\t\t\t\r\n\t\t\t\t\t\t                    <\/div>\r\n                <\/div>\r\n            <\/div>\r\n        <\/div>\r\n    <\/div>\r\n<\/div>\r\n<\/div>                <\/div>\r\n\t\t\t\t            <\/div>\r\n        <\/div>\r\n\t\t\t\t\t\t<\/div>\n\t\t\t\t<\/div>\n\t\t\t\t\t<\/div>\n\t\t<\/div>\n\t\t\t\t<div class=\"penci-ercol-33 penci-ercol-order-2 penci-sticky-sb penci-sidebarSC   elementor-column elementor-col-33 elementor-top-column elementor-element elementor-element-d4bd544\" data-id=\"d4bd544\" data-element_type=\"column\" data-e-type=\"column\">\n\t\t\t<div class=\"elementor-widget-wrap elementor-element-populated\">\n\t\t\t\t\t\t<div class=\"elementor-element elementor-element-21739e3 elementor-widget elementor-widget-penci-big-grid\" data-id=\"21739e3\" data-element_type=\"widget\" data-e-type=\"widget\" data-widget_type=\"penci-big-grid.default\">\n\t\t\t\t<div class=\"elementor-widget-container\">\n\t\t\t\t\t        <div class=\"penci-clearfix penci-biggrid-wrapper penci-grid-col-1 penci-grid-mcol-1 penci-bgrid-based-post penci-bgrid-style-1 pcbg-ficonpo-top-right pcbg-reiconpo-top-left penci-bgrid-content-below pencibg-imageh-none pencibg-texth-none pencibg-textani-movetop textop\">\r\n\t\t\t            <div class=\"penci-clearfix penci-biggrid penci-bgstyle-1 penci-bgel\">\r\n                <div class=\"penci-biggrid-inner default\">\r\n\t\t\t\t\t<div class=\"penci-clearfix penci-biggrid-data penci-dflex\"><div class=\"penci-bgitem\">\r\n    <div class=\"penci-bgitin\">\r\n        <div class=\"penci-bgmain\">\r\n            <div class=\"pcbg-thumb\">\r\n\t\t\t\t\t\t\t\t                <div class=\"pcbg-thumbin\">\r\n                    <a class=\"pcbg-bgoverlay active-overlay\"\r\n                       href=\"https:\/\/latribunenews.com\/index.php\/2026\/08\/31\/elections-en-haiti-ede-inscrit-ses-30-000-membres-mais-conteste-la-faisabilite-du-calendrier\/\" title=\"\u00c9lections en Ha\u00efti : EDE inscrit ses 30 000 membres mais conteste la faisabilit\u00e9 du calendrier\"><\/a>\r\n\t\t\t\t\t                        <div class=\"penci-image-holder penci-lazy\"                             data-bgset=\"https:\/\/latribunenews.com\/wp-content\/uploads\/2026\/08\/IMG-20260831-WA0034.jpg\" data_bg_hidpi=\"https:\/\/latribunenews.com\/wp-content\/uploads\/2026\/08\/IMG-20260831-WA0034.jpg\"\r\n                             data-sizes=\"(max-width: 767px) 585px, 585px\">\r\n                        <\/div>\r\n\t\t\t\t\t                <\/div>\r\n            <\/div>\r\n            <div class=\"pcbg-content\">\r\n                <div class=\"pcbg-content-flex\">\r\n                    <a class=\"pcbg-bgoverlay\"\r\n                       href=\"https:\/\/latribunenews.com\/index.php\/2026\/08\/31\/elections-en-haiti-ede-inscrit-ses-30-000-membres-mais-conteste-la-faisabilite-du-calendrier\/\" title=\"\u00c9lections en Ha\u00efti : EDE inscrit ses 30 000 membres mais conteste la faisabilit\u00e9 du calendrier\"><\/a>\r\n                    <div class=\"pcbg-content-inner bgcontent-block\">\r\n                        <a href=\"https:\/\/latribunenews.com\/index.php\/2026\/08\/31\/elections-en-haiti-ede-inscrit-ses-30-000-membres-mais-conteste-la-faisabilite-du-calendrier\/\" title=\"\u00c9lections en Ha\u00efti : EDE inscrit ses 30 000 membres mais conteste la faisabilit\u00e9 du calendrier\"\r\n                           class=\"pcbg-bgoverlaytext item-hover\"><\/a>\r\n\r\n\t\t\t\t\t\t\r\n\t\t\t\t\t\t                            <div class=\"pcbg-heading item-hover\">\r\n                                <h3 class=\"pcbg-title\">\r\n                                    <a href=\"https:\/\/latribunenews.com\/index.php\/2026\/08\/31\/elections-en-haiti-ede-inscrit-ses-30-000-membres-mais-conteste-la-faisabilite-du-calendrier\/\">\r\n\t\t\t\t\t\t\t\t\t\t\u00c9lections en Ha\u00efti : EDE inscrit ses 30 000 membres mais conteste la faisabilit\u00e9 du calendrier                                    <\/a>\r\n                                <\/h3>\r\n                            <\/div>\r\n\t\t\t\t\t\t\r\n\t\t\t\t\t\t                            <div class=\"grid-post-box-meta pcbg-meta item-hover\">\r\n                                <div class=\"pcbg-meta-desc\">\r\n\t\t\t\t\t\t\t\t\t\t\t\t\t\t\t\t\t\t                                        <span class=\"bg-date\"><time class=\"entry-date published\" datetime=\"2026-08-31T20:40:28+02:00\">31 August 2026<\/time><\/span>\r\n\t\t\t\t\t\t\t\t\t\t\t\t\t\t\t\t\t\t\t\t\t\t\t\t\t\t\t\t\t\t\t\t\t\t\t\t\t\t\t\t\t\t\t\t\t                                <\/div>\r\n\t\t\t\t\t\t\t\t                            <\/div>\r\n\t\t\t\t\t\t\r\n\t\t\t\t\t\t                    <\/div>\r\n                <\/div>\r\n            <\/div>\r\n        <\/div>\r\n    <\/div>\r\n<\/div>\r\n<div class=\"penci-bgitem\">\r\n    <div class=\"penci-bgitin\">\r\n        <div class=\"penci-bgmain\">\r\n            <div class=\"pcbg-thumb\">\r\n\t\t\t\t\t\t\t\t                <div class=\"pcbg-thumbin\">\r\n                    <a class=\"pcbg-bgoverlay active-overlay\"\r\n                       href=\"https:\/\/latribunenews.com\/index.php\/2026\/08\/31\/haiti-appelle-le-conseil-de-securite-a-une-reponse-internationale-rapide-apres-le-massacre-de-kenscoff\/\" title=\"Ha\u00efti appelle le Conseil de s\u00e9curit\u00e9 \u00e0 une r\u00e9ponse internationale rapide apr\u00e8s le massacre de Kenscoff\"><\/a>\r\n\t\t\t\t\t                        <div class=\"penci-image-holder penci-lazy\"                             data-bgset=\"https:\/\/latribunenews.com\/wp-content\/uploads\/2026\/08\/IMG-20260831-WA0020-585x328.jpg\" data_bg_hidpi=\"https:\/\/latribunenews.com\/wp-content\/uploads\/2026\/08\/IMG-20260831-WA0020-585x328.jpg\"\r\n                             data-sizes=\"(max-width: 767px) 585px, 585px\">\r\n                        <\/div>\r\n\t\t\t\t\t                <\/div>\r\n            <\/div>\r\n            <div class=\"pcbg-content\">\r\n                <div class=\"pcbg-content-flex\">\r\n                    <a class=\"pcbg-bgoverlay\"\r\n                       href=\"https:\/\/latribunenews.com\/index.php\/2026\/08\/31\/haiti-appelle-le-conseil-de-securite-a-une-reponse-internationale-rapide-apres-le-massacre-de-kenscoff\/\" title=\"Ha\u00efti appelle le Conseil de s\u00e9curit\u00e9 \u00e0 une r\u00e9ponse internationale rapide apr\u00e8s le massacre de Kenscoff\"><\/a>\r\n                    <div class=\"pcbg-content-inner bgcontent-block\">\r\n                        <a href=\"https:\/\/latribunenews.com\/index.php\/2026\/08\/31\/haiti-appelle-le-conseil-de-securite-a-une-reponse-internationale-rapide-apres-le-massacre-de-kenscoff\/\" title=\"Ha\u00efti appelle le Conseil de s\u00e9curit\u00e9 \u00e0 une r\u00e9ponse internationale rapide apr\u00e8s le massacre de Kenscoff\"\r\n                           class=\"pcbg-bgoverlaytext item-hover\"><\/a>\r\n\r\n\t\t\t\t\t\t\r\n\t\t\t\t\t\t                            <div class=\"pcbg-heading item-hover\">\r\n                                <h3 class=\"pcbg-title\">\r\n                                    <a href=\"https:\/\/latribunenews.com\/index.php\/2026\/08\/31\/haiti-appelle-le-conseil-de-securite-a-une-reponse-internationale-rapide-apres-le-massacre-de-kenscoff\/\">\r\n\t\t\t\t\t\t\t\t\t\tHa\u00efti appelle le Conseil de s\u00e9curit\u00e9 \u00e0 une r\u00e9ponse internationale rapide apr\u00e8s le massacre de Kenscoff                                    <\/a>\r\n                                <\/h3>\r\n                            <\/div>\r\n\t\t\t\t\t\t\r\n\t\t\t\t\t\t                            <div class=\"grid-post-box-meta pcbg-meta item-hover\">\r\n                                <div class=\"pcbg-meta-desc\">\r\n\t\t\t\t\t\t\t\t\t\t\t\t\t\t\t\t\t\t                                        <span class=\"bg-date\"><time class=\"entry-date published\" datetime=\"2026-08-31T15:44:13+02:00\">31 August 2026<\/time><\/span>\r\n\t\t\t\t\t\t\t\t\t\t\t\t\t\t\t\t\t\t\t\t\t\t\t\t\t\t\t\t\t\t\t\t\t\t\t\t\t\t\t\t\t\t\t\t\t                                <\/div>\r\n\t\t\t\t\t\t\t\t                            <\/div>\r\n\t\t\t\t\t\t\r\n\t\t\t\t\t\t                    <\/div>\r\n                <\/div>\r\n            <\/div>\r\n        <\/div>\r\n    <\/div>\r\n<\/div>\r\n<\/div>                <\/div>\r\n\t\t\t\t            <\/div>\r\n        <\/div>\r\n\t\t\t\t\t\t<\/div>\n\t\t\t\t<\/div>\n\t\t\t\t\t<\/div>\n\t\t<\/div>\n\t\t\t\t<div class=\"penci-ercol-33 penci-ercol-order-3 penci-sticky-sb penci-sidebarSC   elementor-column elementor-col-33 elementor-top-column elementor-element elementor-element-c31c186\" data-id=\"c31c186\" data-element_type=\"column\" data-e-type=\"column\">\n\t\t\t<div class=\"elementor-widget-wrap elementor-element-populated\">\n\t\t\t\t\t\t<div class=\"elementor-element elementor-element-e5de820 elementor-widget elementor-widget-penci-small-list\" data-id=\"e5de820\" data-element_type=\"widget\" data-e-type=\"widget\" data-widget_type=\"penci-small-list.default\">\n\t\t\t\t<div class=\"elementor-widget-container\">\n\t\t\t\t\t<script>if( typeof(penciBlock) === \"undefined\" ) {function penciBlock() { this.atts_json = ''; this.content = ''; }}var penciBlocksArray = penciBlocksArray || [];var PENCILOCALCACHE = PENCILOCALCACHE || {};var pcblock_2646 = new penciBlock();pcblock_2646.blockID=\"pcblock_2646\";pcblock_2646.atts_json = '{\"type\":\"grid\",\"dformat\":\"\",\"date_pos\":\"left\",\"column\":\"1\",\"tab_column\":\"\",\"mb_column\":\"\",\"imgpos\":\"left\",\"thumb_size\":\"\",\"mthumb_size\":\"\",\"post_meta\":[\"title\",\"date\"],\"primary_cat\":\"\",\"title_length\":\"\",\"excerpt_pos\":\"below\",\"rmstyle\":\"filled\",\"excerpt_length\":15,\"nocrop\":\"\",\"hide_cat_mobile\":\"\",\"hide_meta_mobile\":\"\",\"hide_excerpt_mobile\":\"\",\"hide_rm_mobile\":\"\",\"imgtop_mobile\":\"\",\"ver_border\":\"\",\"hide_thumb\":\"\",\"show_reviewpie\":\"\",\"show_formaticon\":\"\",\"disable_lazy\":\"\",\"show_excerpt\":\"\",\"show_readmore\":\"\",\"query\":{\"orderby\":\"date\",\"order\":\"desc\",\"ignore_sticky_posts\":1,\"post_status\":\"publish\",\"post__not_in\":[],\"post_type\":\"post\",\"posts_per_page\":5,\"tax_query\":[{\"taxonomy\":\"category\",\"field\":\"term_id\",\"terms\":[\"36\"]}],\"offset\":3,\"paged\":1},\"category_ids\":\"\",\"taxonomy\":\"\"}';penciBlocksArray.push(pcblock_2646);<\/script>        <div class=\"penci-wrapper-smalllist\">\r\n\t\t\t\t\t\t            <div class=\"penci-smalllist-wrapper\">\r\n\t\t\t\t            <\/div>\r\n        <\/div>\r\n\t\t\t\t\t\t<\/div>\n\t\t\t\t<\/div>\n\t\t\t\t\t<\/div>\n\t\t<\/div>\n\t\t\t\t\t<\/div>\n\t\t<\/section>\n\t\t\t\t<section class=\"penci-section penci-disSticky penci-structure-10 elementor-section elementor-top-section elementor-element elementor-element-c5a30c5 elementor-section-boxed elementor-section-height-default elementor-section-height-default\" data-id=\"c5a30c5\" data-element_type=\"section\" data-e-type=\"section\">\n\t\t\t\t\t\t<div class=\"elementor-container elementor-column-gap-no\">\n\t\t\t\t\t<div class=\"penci-ercol-100 penci-ercol-order-1 penci-sticky-ct    elementor-column elementor-col-100 elementor-top-column elementor-element elementor-element-93fe512\" data-id=\"93fe512\" data-element_type=\"column\" data-e-type=\"column\">\n\t\t\t<div class=\"elementor-widget-wrap elementor-element-populated\">\n\t\t\t\t\t\t\t<\/div>\n\t\t<\/div>\n\t\t\t\t\t<\/div>\n\t\t<\/section>\n\t\t\t\t<section class=\"penci-section penci-disSticky penci-structure-10 elementor-section elementor-top-section elementor-element elementor-element-74281ae elementor-section-boxed elementor-section-height-default elementor-section-height-default\" data-id=\"74281ae\" data-element_type=\"section\" data-e-type=\"section\">\n\t\t\t\t\t\t<div class=\"elementor-container elementor-column-gap-no\">\n\t\t\t\t\t<div class=\"penci-ercol-100 penci-ercol-order-1 penci-sticky-ct    elementor-column elementor-col-100 elementor-top-column elementor-element elementor-element-49a9180\" data-id=\"49a9180\" data-element_type=\"column\" data-e-type=\"column\">\n\t\t\t<div class=\"elementor-widget-wrap elementor-element-populated\">\n\t\t\t\t\t\t<div class=\"elementor-element elementor-element-d8b237c elementor-widget-divider--view-line elementor-widget elementor-widget-divider\" data-id=\"d8b237c\" data-element_type=\"widget\" data-e-type=\"widget\" data-widget_type=\"divider.default\">\n\t\t\t\t\t\t\t<div class=\"elementor-divider\">\n\t\t\t<span class=\"elementor-divider-separator\">\n\t\t\t\t\t\t<\/span>\n\t\t<\/div>\n\t\t\t\t\t\t<\/div>\n\t\t\t\t<div class=\"elementor-element elementor-element-6285abe elementor-widget elementor-widget-penci-block-heading\" data-id=\"6285abe\" data-element_type=\"widget\" data-e-type=\"widget\" data-widget_type=\"penci-block-heading.default\">\n\t\t\t\t<div class=\"elementor-widget-container\">\n\t\t\t\t\t\t\t<div class=\"penci-border-arrow penci-homepage-title penci-home-latest-posts style-6 pcalign-left pciconp-right pcicon-right block-title-icon-left\">\n\t\t\t<h3 class=\"inner-arrow\">\r\n\t\t\t\t<span>\r\n\t\t\t\t<a href=\"https:\/\/soledaddemo.pencidesign.net\/soledad-daily-news\/category\/sport\/\">Environnement <\/a>\t\t\t\t\t<\/span>\r\n\t\t\t<\/h3>\r\n\t\t\t\t\t<\/div>\r\n\t\t\t\t\t\t<\/div>\n\t\t\t\t<\/div>\n\t\t\t\t\t<\/div>\n\t\t<\/div>\n\t\t\t\t\t<\/div>\n\t\t<\/section>\n\t\t\t\t<section class=\"penci-section penci-disSticky penci-structure-30 elementor-section elementor-top-section elementor-element elementor-element-8ff03c8 elementor-section-boxed elementor-section-height-default elementor-section-height-default\" data-id=\"8ff03c8\" data-element_type=\"section\" data-e-type=\"section\">\n\t\t\t\t\t\t<div class=\"elementor-container elementor-column-gap-extended\">\n\t\t\t\t\t<div class=\"penci-ercol-33 penci-ercol-order-1 penci-sticky-sb penci-sidebarSC   elementor-column elementor-col-33 elementor-top-column elementor-element elementor-element-2b76a17\" data-id=\"2b76a17\" data-element_type=\"column\" data-e-type=\"column\">\n\t\t\t<div class=\"elementor-widget-wrap elementor-element-populated\">\n\t\t\t\t\t\t<div class=\"elementor-element elementor-element-cbae90d elementor-widget elementor-widget-penci-small-list\" data-id=\"cbae90d\" data-element_type=\"widget\" data-e-type=\"widget\" data-widget_type=\"penci-small-list.default\">\n\t\t\t\t<div class=\"elementor-widget-container\">\n\t\t\t\t\t<script>if( typeof(penciBlock) === \"undefined\" ) {function penciBlock() { this.atts_json = ''; this.content = ''; }}var penciBlocksArray = penciBlocksArray || [];var PENCILOCALCACHE = PENCILOCALCACHE || {};var pcblock_3081 = new penciBlock();pcblock_3081.blockID=\"pcblock_3081\";pcblock_3081.atts_json = '{\"type\":\"grid\",\"dformat\":\"\",\"date_pos\":\"left\",\"column\":\"1\",\"tab_column\":\"\",\"mb_column\":\"\",\"imgpos\":\"left\",\"thumb_size\":\"\",\"mthumb_size\":\"\",\"post_meta\":[\"title\",\"date\"],\"primary_cat\":\"\",\"title_length\":\"\",\"excerpt_pos\":\"below\",\"rmstyle\":\"filled\",\"excerpt_length\":15,\"nocrop\":\"\",\"hide_cat_mobile\":\"\",\"hide_meta_mobile\":\"\",\"hide_excerpt_mobile\":\"\",\"hide_rm_mobile\":\"\",\"imgtop_mobile\":\"\",\"ver_border\":\"\",\"hide_thumb\":\"\",\"show_reviewpie\":\"\",\"show_formaticon\":\"\",\"disable_lazy\":\"\",\"show_excerpt\":\"\",\"show_readmore\":\"\",\"query\":{\"orderby\":\"date\",\"order\":\"desc\",\"ignore_sticky_posts\":1,\"post_status\":\"publish\",\"post__not_in\":[],\"post_type\":\"post\",\"posts_per_page\":3,\"tax_query\":[{\"taxonomy\":\"category\",\"field\":\"term_id\",\"terms\":[\"34\"]}],\"paged\":1},\"category_ids\":\"\",\"taxonomy\":\"\"}';penciBlocksArray.push(pcblock_3081);<\/script>        <div class=\"penci-wrapper-smalllist\">\r\n\t\t\t\t\t\t            <div class=\"penci-smalllist-wrapper\">\r\n\t\t\t\t            <\/div>\r\n        <\/div>\r\n\t\t\t\t\t\t<\/div>\n\t\t\t\t<\/div>\n\t\t\t\t\t<\/div>\n\t\t<\/div>\n\t\t\t\t<div class=\"penci-ercol-33 penci-ercol-order-2 penci-sticky-sb penci-sidebarSC   elementor-column elementor-col-33 elementor-top-column elementor-element elementor-element-5d8a973\" data-id=\"5d8a973\" data-element_type=\"column\" data-e-type=\"column\">\n\t\t\t<div class=\"elementor-widget-wrap elementor-element-populated\">\n\t\t\t\t\t\t<div class=\"elementor-element elementor-element-16b00ed elementor-widget elementor-widget-penci-small-list\" data-id=\"16b00ed\" data-element_type=\"widget\" data-e-type=\"widget\" data-widget_type=\"penci-small-list.default\">\n\t\t\t\t<div class=\"elementor-widget-container\">\n\t\t\t\t\t<script>if( typeof(penciBlock) === \"undefined\" ) {function penciBlock() { this.atts_json = ''; this.content = ''; }}var penciBlocksArray = penciBlocksArray || [];var PENCILOCALCACHE = PENCILOCALCACHE || {};var pcblock_2375 = new penciBlock();pcblock_2375.blockID=\"pcblock_2375\";pcblock_2375.atts_json = '{\"type\":\"grid\",\"dformat\":\"\",\"date_pos\":\"left\",\"column\":\"1\",\"tab_column\":\"\",\"mb_column\":\"\",\"imgpos\":\"left\",\"thumb_size\":\"\",\"mthumb_size\":\"\",\"post_meta\":[\"title\",\"date\"],\"primary_cat\":\"\",\"title_length\":\"\",\"excerpt_pos\":\"below\",\"rmstyle\":\"filled\",\"excerpt_length\":15,\"nocrop\":\"\",\"hide_cat_mobile\":\"\",\"hide_meta_mobile\":\"\",\"hide_excerpt_mobile\":\"\",\"hide_rm_mobile\":\"\",\"imgtop_mobile\":\"\",\"ver_border\":\"\",\"hide_thumb\":\"\",\"show_reviewpie\":\"\",\"show_formaticon\":\"\",\"disable_lazy\":\"\",\"show_excerpt\":\"\",\"show_readmore\":\"\",\"query\":{\"orderby\":\"date\",\"order\":\"desc\",\"ignore_sticky_posts\":1,\"post_status\":\"publish\",\"post__not_in\":[],\"post_type\":\"post\",\"posts_per_page\":3,\"tax_query\":[{\"taxonomy\":\"category\",\"field\":\"term_id\",\"terms\":[\"43\"]}],\"offset\":3,\"paged\":1},\"category_ids\":\"\",\"taxonomy\":\"\"}';penciBlocksArray.push(pcblock_2375);<\/script>        <div class=\"penci-wrapper-smalllist\">\r\n\t\t\t\t\t\t            <div class=\"penci-smalllist-wrapper\">\r\n\t\t\t\t            <\/div>\r\n        <\/div>\r\n\t\t\t\t\t\t<\/div>\n\t\t\t\t<\/div>\n\t\t\t\t\t<\/div>\n\t\t<\/div>\n\t\t\t\t<div class=\"penci-ercol-33 penci-ercol-order-3 penci-sticky-sb penci-sidebarSC   elementor-column elementor-col-33 elementor-top-column elementor-element elementor-element-0f04d79\" data-id=\"0f04d79\" data-element_type=\"column\" data-e-type=\"column\">\n\t\t\t<div class=\"elementor-widget-wrap elementor-element-populated\">\n\t\t\t\t\t\t<div class=\"elementor-element elementor-element-c14f181 elementor-widget elementor-widget-penci-big-grid\" data-id=\"c14f181\" data-element_type=\"widget\" data-e-type=\"widget\" data-widget_type=\"penci-big-grid.default\">\n\t\t\t\t<div class=\"elementor-widget-container\">\n\t\t\t\t\t        <div class=\"penci-clearfix penci-biggrid-wrapper penci-grid-col-1 penci-grid-mcol-1 penci-bgrid-based-post penci-bgrid-style-1 pcbg-ficonpo-top-right pcbg-reiconpo-top-left penci-bgrid-content-below pencibg-imageh-zoom-in pencibg-texth-none pencibg-textani-movetop textop\">\r\n\t\t\t            <div class=\"penci-clearfix penci-biggrid penci-bgstyle-1 penci-bgel\">\r\n                <div class=\"penci-biggrid-inner default\">\r\n\t\t\t\t\t                <\/div>\r\n\t\t\t\t            <\/div>\r\n        <\/div>\r\n\t\t\t\t\t\t<\/div>\n\t\t\t\t<\/div>\n\t\t\t\t\t<\/div>\n\t\t<\/div>\n\t\t\t\t\t<\/div>\n\t\t<\/section>\n\t\t\t\t<\/div>\n\t\t","protected":false},"excerpt":{"rendered":"<p>DERNI\u00c8RES NOUVELLES Actualit\u00e9s Une diplomatie d\u2019action et d\u2019avenir : Raina Forbin renforce le partenariat avec l\u2019OEA et mise sur la jeunesse 11 ao\u00fbt 2026 Politique Limonade : un nouveau regroupement&hellip;<\/p>\n","protected":false},"author":3,"featured_media":0,"parent":0,"menu_order":0,"comment_status":"closed","ping_status":"closed","template":"page-fullwidth.php","meta":{"footnotes":""},"class_list":["post-1713","page","type-page","status-publish","hentry"],"yoast_head":"<!-- This site is optimized with the Yoast SEO plugin v28.3 - https:\/\/yoast.com\/product\/yoast-seo-wordpress\/ -->\n<title>La Tribune News - LA TRIBUNE NEWS<\/title>\n<meta name=\"robots\" content=\"index, follow, max-snippet:-1, max-image-preview:large, max-video-preview:-1\" \/>\n<link rel=\"canonical\" href=\"https:\/\/latribunenews.com\/\" \/>\n<meta property=\"og:locale\" content=\"en_US\" \/>\n<meta property=\"og:type\" content=\"article\" \/>\n<meta property=\"og:title\" content=\"La Tribune News - LA TRIBUNE NEWS\" \/>\n<meta property=\"og:description\" content=\"DERNI\u00c8RES NOUVELLES Actualit\u00e9s Une diplomatie d\u2019action et d\u2019avenir : Raina Forbin renforce le partenariat avec l\u2019OEA et mise sur la jeunesse 11 ao\u00fbt 2026 Politique Limonade : un nouveau regroupement&hellip;\" \/>\n<meta property=\"og:url\" content=\"https:\/\/latribunenews.com\/\" \/>\n<meta property=\"og:site_name\" content=\"LA TRIBUNE NEWS\" \/>\n<meta property=\"article:modified_time\" content=\"2026-08-12T10:52:57+00:00\" \/>\n<meta name=\"twitter:card\" content=\"summary_large_image\" \/>\n<meta name=\"twitter:label1\" content=\"Est. reading time\" \/>\n\t<meta name=\"twitter:data1\" content=\"2 minutes\" \/>\n<script type=\"application\/ld+json\" class=\"yoast-schema-graph\">{\"@context\":\"https:\\\/\\\/schema.org\",\"@graph\":[{\"@type\":\"WebPage\",\"@id\":\"https:\\\/\\\/latribunenews.com\\\/\",\"url\":\"https:\\\/\\\/latribunenews.com\\\/\",\"name\":\"La Tribune News - LA TRIBUNE NEWS\",\"isPartOf\":{\"@id\":\"https:\\\/\\\/latribunenews.com\\\/#website\"},\"datePublished\":\"2021-12-20T08:02:26+00:00\",\"dateModified\":\"2026-08-12T10:52:57+00:00\",\"breadcrumb\":{\"@id\":\"https:\\\/\\\/latribunenews.com\\\/#breadcrumb\"},\"inLanguage\":\"en-US\",\"potentialAction\":[{\"@type\":\"ReadAction\",\"target\":[\"https:\\\/\\\/latribunenews.com\\\/\"]}]},{\"@type\":\"BreadcrumbList\",\"@id\":\"https:\\\/\\\/latribunenews.com\\\/#breadcrumb\",\"itemListElement\":[{\"@type\":\"ListItem\",\"position\":1,\"name\":\"Home\",\"item\":\"https:\\\/\\\/latribunenews.com\\\/\"},{\"@type\":\"ListItem\",\"position\":2,\"name\":\"La Tribune News\"}]},{\"@type\":\"WebSite\",\"@id\":\"https:\\\/\\\/latribunenews.com\\\/#website\",\"url\":\"https:\\\/\\\/latribunenews.com\\\/\",\"name\":\"LA TRIBUNE NEWS\",\"description\":\"L&#039;INFO\",\"publisher\":{\"@id\":\"https:\\\/\\\/latribunenews.com\\\/#organization\"},\"potentialAction\":[{\"@type\":\"SearchAction\",\"target\":{\"@type\":\"EntryPoint\",\"urlTemplate\":\"https:\\\/\\\/latribunenews.com\\\/?s={search_term_string}\"},\"query-input\":{\"@type\":\"PropertyValueSpecification\",\"valueRequired\":true,\"valueName\":\"search_term_string\"}}],\"inLanguage\":\"en-US\"},{\"@type\":\"Organization\",\"@id\":\"https:\\\/\\\/latribunenews.com\\\/#organization\",\"name\":\"LA TRIBUNE NEWS\",\"url\":\"https:\\\/\\\/latribunenews.com\\\/\",\"logo\":{\"@type\":\"ImageObject\",\"inLanguage\":\"en-US\",\"@id\":\"https:\\\/\\\/latribunenews.com\\\/#\\\/schema\\\/logo\\\/image\\\/\",\"url\":\"https:\\\/\\\/latribunenews.com\\\/wp-content\\\/uploads\\\/2026\\\/08\\\/cropped-LOGO-LA-TRITUBE.png\",\"contentUrl\":\"https:\\\/\\\/latribunenews.com\\\/wp-content\\\/uploads\\\/2026\\\/08\\\/cropped-LOGO-LA-TRITUBE.png\",\"width\":1254,\"height\":766,\"caption\":\"LA TRIBUNE NEWS\"},\"image\":{\"@id\":\"https:\\\/\\\/latribunenews.com\\\/#\\\/schema\\\/logo\\\/image\\\/\"}}]}<\/script>\n<!-- \/ Yoast SEO plugin. -->","yoast_head_json":{"title":"La Tribune News - LA TRIBUNE NEWS","robots":{"index":"index","follow":"follow","max-snippet":"max-snippet:-1","max-image-preview":"max-image-preview:large","max-video-preview":"max-video-preview:-1"},"canonical":"https:\/\/latribunenews.com\/","og_locale":"en_US","og_type":"article","og_title":"La Tribune News - LA TRIBUNE NEWS","og_description":"DERNI\u00c8RES NOUVELLES Actualit\u00e9s Une diplomatie d\u2019action et d\u2019avenir : Raina Forbin renforce le partenariat avec l\u2019OEA et mise sur la jeunesse 11 ao\u00fbt 2026 Politique Limonade : un nouveau regroupement&hellip;","og_url":"https:\/\/latribunenews.com\/","og_site_name":"LA TRIBUNE NEWS","article_modified_time":"2026-08-12T10:52:57+00:00","twitter_card":"summary_large_image","twitter_misc":{"Est. reading time":"2 minutes"},"schema":{"@context":"https:\/\/schema.org","@graph":[{"@type":"WebPage","@id":"https:\/\/latribunenews.com\/","url":"https:\/\/latribunenews.com\/","name":"La Tribune News - LA TRIBUNE NEWS","isPartOf":{"@id":"https:\/\/latribunenews.com\/#website"},"datePublished":"2021-12-20T08:02:26+00:00","dateModified":"2026-08-12T10:52:57+00:00","breadcrumb":{"@id":"https:\/\/latribunenews.com\/#breadcrumb"},"inLanguage":"en-US","potentialAction":[{"@type":"ReadAction","target":["https:\/\/latribunenews.com\/"]}]},{"@type":"BreadcrumbList","@id":"https:\/\/latribunenews.com\/#breadcrumb","itemListElement":[{"@type":"ListItem","position":1,"name":"Home","item":"https:\/\/latribunenews.com\/"},{"@type":"ListItem","position":2,"name":"La Tribune News"}]},{"@type":"WebSite","@id":"https:\/\/latribunenews.com\/#website","url":"https:\/\/latribunenews.com\/","name":"LA TRIBUNE NEWS","description":"L&#039;INFO","publisher":{"@id":"https:\/\/latribunenews.com\/#organization"},"potentialAction":[{"@type":"SearchAction","target":{"@type":"EntryPoint","urlTemplate":"https:\/\/latribunenews.com\/?s={search_term_string}"},"query-input":{"@type":"PropertyValueSpecification","valueRequired":true,"valueName":"search_term_string"}}],"inLanguage":"en-US"},{"@type":"Organization","@id":"https:\/\/latribunenews.com\/#organization","name":"LA TRIBUNE NEWS","url":"https:\/\/latribunenews.com\/","logo":{"@type":"ImageObject","inLanguage":"en-US","@id":"https:\/\/latribunenews.com\/#\/schema\/logo\/image\/","url":"https:\/\/latribunenews.com\/wp-content\/uploads\/2026\/08\/cropped-LOGO-LA-TRITUBE.png","contentUrl":"https:\/\/latribunenews.com\/wp-content\/uploads\/2026\/08\/cropped-LOGO-LA-TRITUBE.png","width":1254,"height":766,"caption":"LA TRIBUNE NEWS"},"image":{"@id":"https:\/\/latribunenews.com\/#\/schema\/logo\/image\/"}}]}},"_links":{"self":[{"href":"https:\/\/latribunenews.com\/index.php\/wp-json\/wp\/v2\/pages\/1713","targetHints":{"allow":["GET"]}}],"collection":[{"href":"https:\/\/latribunenews.com\/index.php\/wp-json\/wp\/v2\/pages"}],"about":[{"href":"https:\/\/latribunenews.com\/index.php\/wp-json\/wp\/v2\/types\/page"}],"author":[{"embeddable":true,"href":"https:\/\/latribunenews.com\/index.php\/wp-json\/wp\/v2\/users\/3"}],"replies":[{"embeddable":true,"href":"https:\/\/latribunenews.com\/index.php\/wp-json\/wp\/v2\/comments?post=1713"}],"version-history":[{"count":19,"href":"https:\/\/latribunenews.com\/index.php\/wp-json\/wp\/v2\/pages\/1713\/revisions"}],"predecessor-version":[{"id":1829,"href":"https:\/\/latribunenews.com\/index.php\/wp-json\/wp\/v2\/pages\/1713\/revisions\/1829"}],"wp:attachment":[{"href":"https:\/\/latribunenews.com\/index.php\/wp-json\/wp\/v2\/media?parent=1713"}],"curies":[{"name":"wp","href":"https:\/\/api.w.org\/{rel}","templated":true}]}}